{"id":2025,"date":"2015-02-03T20:14:10","date_gmt":"2015-02-03T20:14:10","guid":{"rendered":"http:\/\/fondazione-stella-alpina.ch\/casa-stella-alpina\/"},"modified":"2026-03-26T10:12:28","modified_gmt":"2026-03-26T10:12:28","slug":"gruppenhaus-stella-alpina","status":"publish","type":"page","link":"https:\/\/fondazione-stella-alpina.ch\/de\/gruppenhaus-stella-alpina\/","title":{"rendered":"GRUPPENHAUS STELLA ALPINA"},"content":{"rendered":"<p><div class=\"fusion-fullwidth fullwidth-box fusion-builder-row-1 fusion-parallax-none nonhundred-percent-fullwidth non-hundred-percent-height-scrolling fusion-equal-height-columns\" style=\"--awb-background-position:left top;--awb-border-sizes-top:0px;--awb-border-sizes-bottom:0px;--awb-border-sizes-left:0px;--awb-border-sizes-right:0px;--awb-border-radius-top-left:0px;--awb-border-radius-top-right:0px;--awb-border-radius-bottom-right:0px;--awb-border-radius-bottom-left:0px;--awb-padding-top:0px;--awb-padding-bottom:70px;--awb-background-image:url(&quot;https:\/\/fondazione-stella-alpina.ch\/\/wp-content\/uploads\/2020\/06\/STELLA-ALPINA-BG.jpg&quot;);--awb-background-size:cover;--awb-flex-wrap:wrap;\" ><div class=\"fusion-builder-row fusion-row\"><div class=\"fusion-layout-column fusion_builder_column fusion-builder-column-0 fusion_builder_column_1_3 1_3 fusion-one-third fusion-column-first\" style=\"--awb-bg-position:right bottom;--awb-bg-blend:overlay;--awb-bg-size:cover;width:30.6666%; margin-right: 4%;\"><div class=\"fusion-column-wrapper fusion-flex-column-wrapper-legacy\"><div class=\"fusion-title title fusion-title-1 fusion-title-text fusion-title-size-two\" style=\"--awb-margin-bottom:0px;--awb-margin-bottom-small:0px;--awb-font-size:13px;\"><h2 class=\"fusion-title-heading title-heading-left fusion-responsive-typography-calculated\" style=\"font-family:&quot;Questrial&quot;;font-style:normal;font-weight:400;margin:0;font-size:1em;letter-spacing:4px;--fontSize:13;--minFontSize:13;line-height:1.69;\">CAMPERIO<\/h2><span class=\"awb-title-spacer\"><\/span><div class=\"title-sep-container\"><div class=\"title-sep sep- sep-solid\" style=\"border-color:#e0dede;\"><\/div><\/div><\/div><div class=\"fusion-title title fusion-title-2 fusion-title-text fusion-title-size-three\" style=\"--awb-margin-bottom:15px;--awb-margin-bottom-small:15px;--awb-font-size:46px;\"><h3 class=\"fusion-title-heading title-heading-left fusion-responsive-typography-calculated\" style=\"margin:0;font-size:1em;--fontSize:46;line-height:1.67;\"><p>Gruppenhaus<\/p>\n<p>\u201cStella Alpina\u201d<\/p><\/h3><span class=\"awb-title-spacer\"><\/span><div class=\"title-sep-container\"><div class=\"title-sep sep- sep-solid\" style=\"border-color:#e0dede;\"><\/div><\/div><\/div><div class=\"fusion-sep-clear\"><\/div><div class=\"fusion-separator fusion-clearfix\" style=\"float:left;margin-top:0px;margin-bottom:20px;width:100%;max-width:50px;\"><div class=\"fusion-separator-border sep-single sep-solid\" style=\"--awb-height:20px;--awb-amount:20px;border-color:#046f79;border-top-width:1px;\"><\/div><\/div><div class=\"fusion-sep-clear\"><\/div><ul style=\"--awb-iconcolor:#046f79;--awb-line-height:23.8px;--awb-icon-width:23.8px;--awb-icon-height:23.8px;--awb-icon-margin:9.8px;--awb-content-margin:33.6px;\" class=\"fusion-checklist fusion-checklist-1 fusion-checklist-default type-icons\"><li class=\"fusion-li-item\" style=\"\"><span class=\"icon-wrapper circle-no\"><i class=\"fusion-li-icon fa-check-circle far\" aria-hidden=\"true\"><\/i><\/span><div class=\"fusion-li-item-content\">1243 mq<\/div><\/li><li class=\"fusion-li-item\" style=\"\"><span class=\"icon-wrapper circle-no\"><i class=\"fusion-li-icon fa-check-circle far\" aria-hidden=\"true\"><\/i><\/span><div class=\"fusion-li-item-content\">\n<p>46 Personen<\/p>\n<\/div><\/li><li class=\"fusion-li-item\" style=\"\"><span class=\"icon-wrapper circle-no\"><i class=\"fusion-li-icon fa-check-circle far\" aria-hidden=\"true\"><\/i><\/span><div class=\"fusion-li-item-content\">\n<p>Heizung<\/p>\n<\/div><\/li><li class=\"fusion-li-item\" style=\"\"><span class=\"icon-wrapper circle-no\"><i class=\"fusion-li-icon fa-check-circle far\" aria-hidden=\"true\"><\/i><\/span><div class=\"fusion-li-item-content\">\n<p>K\u00fcche<\/p>\n<\/div><\/li><li class=\"fusion-li-item\" style=\"\"><span class=\"icon-wrapper circle-no\"><i class=\"fusion-li-icon fa-check-circle far\" aria-hidden=\"true\"><\/i><\/span><div class=\"fusion-li-item-content\">\n<p>Duschen<\/p>\n<\/div><\/li><li class=\"fusion-li-item\" style=\"\"><span class=\"icon-wrapper circle-no\"><i class=\"fusion-li-icon fa-check-circle far\" aria-hidden=\"true\"><\/i><\/span><div class=\"fusion-li-item-content\">\n<p>Keller<\/p>\n<\/div><\/li><li class=\"fusion-li-item\" style=\"\"><span class=\"icon-wrapper circle-no\"><i class=\"fusion-li-icon fa-exclamation-circle fas\" aria-hidden=\"true\"><\/i><\/span><div class=\"fusion-li-item-content\">\n<p>Beide Unterk\u00fcnfte k\u00f6nnen gebucht werden<\/p>\n<\/div><\/li><\/ul><div class=\"fusion-sep-clear\"><\/div><div class=\"fusion-separator fusion-full-width-sep\" style=\"margin-left: auto;margin-right: auto;margin-top:25px;width:100%;\"><\/div><div class=\"fusion-sep-clear\"><\/div><div class=\"fusion-button-wrapper\"><a class=\"fusion-button button-flat button-large button-default fusion-button-default button-1 fusion-button-default-span \" style=\"--button-border-radius-top-left:0px;--button-border-radius-top-right:0px;--button-border-radius-bottom-right:0px;--button-border-radius-bottom-left:0px;\" target=\"_self\" href=\"https:\/\/fondazione-stella-alpina.ch\/de\/verordnung-und-preise\/\"><span class=\"fusion-button-text fusion-button-text-right\">Info und Preise<\/span><span class=\"fusion-button-icon-divider button-icon-divider-right\"><i class=\"fa-angle-right fas\" aria-hidden=\"true\"><\/i><\/span><\/a><\/div><div class=\"fusion-sep-clear\"><\/div><div class=\"fusion-separator fusion-full-width-sep\" style=\"margin-left: auto;margin-right: auto;margin-top:25px;width:100%;\"><\/div><div class=\"fusion-sep-clear\"><\/div><div class=\"fusion-button-wrapper\"><a class=\"fusion-button button-flat button-large button-default fusion-button-default button-2 fusion-button-default-span \" style=\"--button-border-radius-top-left:0px;--button-border-radius-top-right:0px;--button-border-radius-bottom-right:0px;--button-border-radius-bottom-left:0px;\" target=\"_self\" href=\"https:\/\/fondazione-stella-alpina.ch\/de\/beschaeftigungskalender\/\"><span class=\"fusion-button-text fusion-button-text-right\">Buchen Sie jetz<\/span><span class=\"fusion-button-icon-divider button-icon-divider-right\"><i class=\"fa-angle-right fas\" aria-hidden=\"true\"><\/i><\/span><\/a><\/div><div class=\"fusion-clearfix\"><\/div><\/div><\/div><div class=\"fusion-layout-column fusion_builder_column fusion-builder-column-1 fusion_builder_column_2_3 2_3 fusion-two-third fusion-column-last\" style=\"--awb-padding-top:40px;--awb-padding-right:40px;--awb-padding-bottom:40px;--awb-padding-left:40px;--awb-bg-color:#ffffff;--awb-bg-color-hover:#ffffff;--awb-bg-position:right center;--awb-bg-size:cover;--awb-border-color:#ebeef1;--awb-border-top:0;--awb-border-right:0;--awb-border-bottom:0;--awb-border-left:0;--awb-border-style:solid;width:65.3333%;\"><div class=\"fusion-column-wrapper fusion-column-has-shadow fusion-flex-column-wrapper-legacy\"><div class=\"fusion-image-carousel fusion-image-carousel-auto fusion-image-carousel-1 fusion-carousel-border\"><div class=\"awb-carousel awb-swiper awb-swiper-carousel\" data-autoplay=\"yes\" data-columns=\"1\" data-itemmargin=\"13\" data-itemwidth=\"180\" data-touchscroll=\"no\" data-imagesize=\"auto\" style=\"--awb-columns:1;\"><div class=\"swiper-wrapper awb-image-carousel-wrapper fusion-flex-align-items-center\"><div class=\"swiper-slide\"><div class=\"fusion-carousel-item-wrapper\"><div class=\"fusion-image-wrapper hover-type-zoomin\"><img decoding=\"async\" width=\"1024\" height=\"768\" src=\"https:\/\/fondazione-stella-alpina.ch\/wp-content\/uploads\/2020\/06\/IMG_9330-1024x768-1.jpg\" class=\"attachment-full size-full\" alt=\"\" srcset=\"https:\/\/fondazione-stella-alpina.ch\/wp-content\/uploads\/2020\/06\/IMG_9330-1024x768-1-200x150.jpg 200w, https:\/\/fondazione-stella-alpina.ch\/wp-content\/uploads\/2020\/06\/IMG_9330-1024x768-1-300x225.jpg 300w, https:\/\/fondazione-stella-alpina.ch\/wp-content\/uploads\/2020\/06\/IMG_9330-1024x768-1-400x300.jpg 400w, https:\/\/fondazione-stella-alpina.ch\/wp-content\/uploads\/2020\/06\/IMG_9330-1024x768-1-600x450.jpg 600w, https:\/\/fondazione-stella-alpina.ch\/wp-content\/uploads\/2020\/06\/IMG_9330-1024x768-1-768x576.jpg 768w, https:\/\/fondazione-stella-alpina.ch\/wp-content\/uploads\/2020\/06\/IMG_9330-1024x768-1-800x600.jpg 800w, https:\/\/fondazione-stella-alpina.ch\/wp-content\/uploads\/2020\/06\/IMG_9330-1024x768-1.jpg 1024w\" sizes=\"(max-width: 1024px) 100vw, 1024px\" \/><\/div><\/div><\/div><div class=\"swiper-slide\"><div class=\"fusion-carousel-item-wrapper\"><div class=\"fusion-image-wrapper hover-type-zoomin\"><img decoding=\"async\" width=\"1024\" height=\"768\" src=\"https:\/\/fondazione-stella-alpina.ch\/wp-content\/uploads\/2020\/06\/IMG_9330-1024x768-1.jpg\" class=\"attachment-full size-full\" alt=\"\" srcset=\"https:\/\/fondazione-stella-alpina.ch\/wp-content\/uploads\/2020\/06\/IMG_9330-1024x768-1-200x150.jpg 200w, https:\/\/fondazione-stella-alpina.ch\/wp-content\/uploads\/2020\/06\/IMG_9330-1024x768-1-300x225.jpg 300w, https:\/\/fondazione-stella-alpina.ch\/wp-content\/uploads\/2020\/06\/IMG_9330-1024x768-1-400x300.jpg 400w, https:\/\/fondazione-stella-alpina.ch\/wp-content\/uploads\/2020\/06\/IMG_9330-1024x768-1-600x450.jpg 600w, https:\/\/fondazione-stella-alpina.ch\/wp-content\/uploads\/2020\/06\/IMG_9330-1024x768-1-768x576.jpg 768w, https:\/\/fondazione-stella-alpina.ch\/wp-content\/uploads\/2020\/06\/IMG_9330-1024x768-1-800x600.jpg 800w, https:\/\/fondazione-stella-alpina.ch\/wp-content\/uploads\/2020\/06\/IMG_9330-1024x768-1.jpg 1024w\" sizes=\"(max-width: 1024px) 100vw, 1024px\" \/><\/div><\/div><\/div><div class=\"swiper-slide\"><div class=\"fusion-carousel-item-wrapper\"><div class=\"fusion-image-wrapper hover-type-zoomin\"><img decoding=\"async\" width=\"1024\" height=\"768\" src=\"https:\/\/fondazione-stella-alpina.ch\/wp-content\/uploads\/2020\/06\/IMG_9332-1-1024x768-1.jpg\" class=\"attachment-full size-full\" alt=\"\" srcset=\"https:\/\/fondazione-stella-alpina.ch\/wp-content\/uploads\/2020\/06\/IMG_9332-1-1024x768-1-200x150.jpg 200w, https:\/\/fondazione-stella-alpina.ch\/wp-content\/uploads\/2020\/06\/IMG_9332-1-1024x768-1-300x225.jpg 300w, https:\/\/fondazione-stella-alpina.ch\/wp-content\/uploads\/2020\/06\/IMG_9332-1-1024x768-1-400x300.jpg 400w, https:\/\/fondazione-stella-alpina.ch\/wp-content\/uploads\/2020\/06\/IMG_9332-1-1024x768-1-600x450.jpg 600w, https:\/\/fondazione-stella-alpina.ch\/wp-content\/uploads\/2020\/06\/IMG_9332-1-1024x768-1-768x576.jpg 768w, https:\/\/fondazione-stella-alpina.ch\/wp-content\/uploads\/2020\/06\/IMG_9332-1-1024x768-1-800x600.jpg 800w, https:\/\/fondazione-stella-alpina.ch\/wp-content\/uploads\/2020\/06\/IMG_9332-1-1024x768-1.jpg 1024w\" sizes=\"(max-width: 1024px) 100vw, 1024px\" \/><\/div><\/div><\/div><div class=\"swiper-slide\"><div class=\"fusion-carousel-item-wrapper\"><div class=\"fusion-image-wrapper hover-type-zoomin\"><img decoding=\"async\" width=\"1024\" height=\"768\" src=\"https:\/\/fondazione-stella-alpina.ch\/wp-content\/uploads\/2020\/06\/IMG_3883-1024x768-1.jpg\" class=\"attachment-full size-full\" alt=\"\" srcset=\"https:\/\/fondazione-stella-alpina.ch\/wp-content\/uploads\/2020\/06\/IMG_3883-1024x768-1-200x150.jpg 200w, https:\/\/fondazione-stella-alpina.ch\/wp-content\/uploads\/2020\/06\/IMG_3883-1024x768-1-300x225.jpg 300w, https:\/\/fondazione-stella-alpina.ch\/wp-content\/uploads\/2020\/06\/IMG_3883-1024x768-1-400x300.jpg 400w, https:\/\/fondazione-stella-alpina.ch\/wp-content\/uploads\/2020\/06\/IMG_3883-1024x768-1-600x450.jpg 600w, https:\/\/fondazione-stella-alpina.ch\/wp-content\/uploads\/2020\/06\/IMG_3883-1024x768-1-768x576.jpg 768w, https:\/\/fondazione-stella-alpina.ch\/wp-content\/uploads\/2020\/06\/IMG_3883-1024x768-1-800x600.jpg 800w, https:\/\/fondazione-stella-alpina.ch\/wp-content\/uploads\/2020\/06\/IMG_3883-1024x768-1.jpg 1024w\" sizes=\"(max-width: 1024px) 100vw, 1024px\" \/><\/div><\/div><\/div><div class=\"swiper-slide\"><div class=\"fusion-carousel-item-wrapper\"><div class=\"fusion-image-wrapper hover-type-zoomin\"><img decoding=\"async\" width=\"1024\" height=\"768\" src=\"https:\/\/fondazione-stella-alpina.ch\/wp-content\/uploads\/2020\/06\/20190528_094353-1024x768-1.jpg\" class=\"attachment-full size-full\" alt=\"\" srcset=\"https:\/\/fondazione-stella-alpina.ch\/wp-content\/uploads\/2020\/06\/20190528_094353-1024x768-1-200x150.jpg 200w, https:\/\/fondazione-stella-alpina.ch\/wp-content\/uploads\/2020\/06\/20190528_094353-1024x768-1-300x225.jpg 300w, https:\/\/fondazione-stella-alpina.ch\/wp-content\/uploads\/2020\/06\/20190528_094353-1024x768-1-400x300.jpg 400w, https:\/\/fondazione-stella-alpina.ch\/wp-content\/uploads\/2020\/06\/20190528_094353-1024x768-1-600x450.jpg 600w, https:\/\/fondazione-stella-alpina.ch\/wp-content\/uploads\/2020\/06\/20190528_094353-1024x768-1-768x576.jpg 768w, https:\/\/fondazione-stella-alpina.ch\/wp-content\/uploads\/2020\/06\/20190528_094353-1024x768-1-800x600.jpg 800w, https:\/\/fondazione-stella-alpina.ch\/wp-content\/uploads\/2020\/06\/20190528_094353-1024x768-1.jpg 1024w\" sizes=\"(max-width: 1024px) 100vw, 1024px\" \/><\/div><\/div><\/div><div class=\"swiper-slide\"><div class=\"fusion-carousel-item-wrapper\"><div class=\"fusion-image-wrapper hover-type-zoomin\"><img decoding=\"async\" width=\"1024\" height=\"768\" src=\"https:\/\/fondazione-stella-alpina.ch\/wp-content\/uploads\/2020\/06\/08d41359-4418-4bc4-9dff-57304cc231d4-1024x768-1.jpg\" class=\"attachment-full size-full\" alt=\"\" srcset=\"https:\/\/fondazione-stella-alpina.ch\/wp-content\/uploads\/2020\/06\/08d41359-4418-4bc4-9dff-57304cc231d4-1024x768-1-200x150.jpg 200w, https:\/\/fondazione-stella-alpina.ch\/wp-content\/uploads\/2020\/06\/08d41359-4418-4bc4-9dff-57304cc231d4-1024x768-1-300x225.jpg 300w, https:\/\/fondazione-stella-alpina.ch\/wp-content\/uploads\/2020\/06\/08d41359-4418-4bc4-9dff-57304cc231d4-1024x768-1-400x300.jpg 400w, https:\/\/fondazione-stella-alpina.ch\/wp-content\/uploads\/2020\/06\/08d41359-4418-4bc4-9dff-57304cc231d4-1024x768-1-600x450.jpg 600w, https:\/\/fondazione-stella-alpina.ch\/wp-content\/uploads\/2020\/06\/08d41359-4418-4bc4-9dff-57304cc231d4-1024x768-1-768x576.jpg 768w, https:\/\/fondazione-stella-alpina.ch\/wp-content\/uploads\/2020\/06\/08d41359-4418-4bc4-9dff-57304cc231d4-1024x768-1-800x600.jpg 800w, https:\/\/fondazione-stella-alpina.ch\/wp-content\/uploads\/2020\/06\/08d41359-4418-4bc4-9dff-57304cc231d4-1024x768-1.jpg 1024w\" sizes=\"(max-width: 1024px) 100vw, 1024px\" \/><\/div><\/div><\/div><div class=\"swiper-slide\"><div class=\"fusion-carousel-item-wrapper\"><div class=\"fusion-image-wrapper hover-type-zoomin\"><img decoding=\"async\" width=\"1024\" height=\"768\" src=\"https:\/\/fondazione-stella-alpina.ch\/wp-content\/uploads\/2020\/06\/IMG_9339-1024x768-1.jpg\" class=\"attachment-full size-full\" alt=\"\" srcset=\"https:\/\/fondazione-stella-alpina.ch\/wp-content\/uploads\/2020\/06\/IMG_9339-1024x768-1-200x150.jpg 200w, https:\/\/fondazione-stella-alpina.ch\/wp-content\/uploads\/2020\/06\/IMG_9339-1024x768-1-300x225.jpg 300w, https:\/\/fondazione-stella-alpina.ch\/wp-content\/uploads\/2020\/06\/IMG_9339-1024x768-1-400x300.jpg 400w, https:\/\/fondazione-stella-alpina.ch\/wp-content\/uploads\/2020\/06\/IMG_9339-1024x768-1-600x450.jpg 600w, https:\/\/fondazione-stella-alpina.ch\/wp-content\/uploads\/2020\/06\/IMG_9339-1024x768-1-768x576.jpg 768w, https:\/\/fondazione-stella-alpina.ch\/wp-content\/uploads\/2020\/06\/IMG_9339-1024x768-1-800x600.jpg 800w, https:\/\/fondazione-stella-alpina.ch\/wp-content\/uploads\/2020\/06\/IMG_9339-1024x768-1.jpg 1024w\" sizes=\"(max-width: 1024px) 100vw, 1024px\" \/><\/div><\/div><\/div><div class=\"swiper-slide\"><div class=\"fusion-carousel-item-wrapper\"><div class=\"fusion-image-wrapper hover-type-zoomin\"><img decoding=\"async\" width=\"1024\" height=\"768\" src=\"https:\/\/fondazione-stella-alpina.ch\/wp-content\/uploads\/2020\/06\/IMG_9310-1024x768-1.jpg\" class=\"attachment-full size-full\" alt=\"\" srcset=\"https:\/\/fondazione-stella-alpina.ch\/wp-content\/uploads\/2020\/06\/IMG_9310-1024x768-1-200x150.jpg 200w, https:\/\/fondazione-stella-alpina.ch\/wp-content\/uploads\/2020\/06\/IMG_9310-1024x768-1-300x225.jpg 300w, https:\/\/fondazione-stella-alpina.ch\/wp-content\/uploads\/2020\/06\/IMG_9310-1024x768-1-400x300.jpg 400w, https:\/\/fondazione-stella-alpina.ch\/wp-content\/uploads\/2020\/06\/IMG_9310-1024x768-1-600x450.jpg 600w, https:\/\/fondazione-stella-alpina.ch\/wp-content\/uploads\/2020\/06\/IMG_9310-1024x768-1-768x576.jpg 768w, https:\/\/fondazione-stella-alpina.ch\/wp-content\/uploads\/2020\/06\/IMG_9310-1024x768-1-800x600.jpg 800w, https:\/\/fondazione-stella-alpina.ch\/wp-content\/uploads\/2020\/06\/IMG_9310-1024x768-1.jpg 1024w\" sizes=\"(max-width: 1024px) 100vw, 1024px\" \/><\/div><\/div><\/div><div class=\"swiper-slide\"><div class=\"fusion-carousel-item-wrapper\"><div class=\"fusion-image-wrapper hover-type-zoomin\"><img decoding=\"async\" width=\"1024\" height=\"768\" src=\"https:\/\/fondazione-stella-alpina.ch\/wp-content\/uploads\/2020\/06\/IMG_9315-1024x768-1.jpg\" class=\"attachment-full size-full\" alt=\"\" srcset=\"https:\/\/fondazione-stella-alpina.ch\/wp-content\/uploads\/2020\/06\/IMG_9315-1024x768-1-200x150.jpg 200w, https:\/\/fondazione-stella-alpina.ch\/wp-content\/uploads\/2020\/06\/IMG_9315-1024x768-1-300x225.jpg 300w, https:\/\/fondazione-stella-alpina.ch\/wp-content\/uploads\/2020\/06\/IMG_9315-1024x768-1-400x300.jpg 400w, https:\/\/fondazione-stella-alpina.ch\/wp-content\/uploads\/2020\/06\/IMG_9315-1024x768-1-600x450.jpg 600w, https:\/\/fondazione-stella-alpina.ch\/wp-content\/uploads\/2020\/06\/IMG_9315-1024x768-1-768x576.jpg 768w, https:\/\/fondazione-stella-alpina.ch\/wp-content\/uploads\/2020\/06\/IMG_9315-1024x768-1-800x600.jpg 800w, https:\/\/fondazione-stella-alpina.ch\/wp-content\/uploads\/2020\/06\/IMG_9315-1024x768-1.jpg 1024w\" sizes=\"(max-width: 1024px) 100vw, 1024px\" \/><\/div><\/div><\/div><div class=\"swiper-slide\"><div class=\"fusion-carousel-item-wrapper\"><div class=\"fusion-image-wrapper hover-type-zoomin\"><img decoding=\"async\" width=\"1024\" height=\"768\" src=\"https:\/\/fondazione-stella-alpina.ch\/wp-content\/uploads\/2020\/06\/IMG_9318-1024x768-1.jpg\" class=\"attachment-full size-full\" alt=\"\" srcset=\"https:\/\/fondazione-stella-alpina.ch\/wp-content\/uploads\/2020\/06\/IMG_9318-1024x768-1-200x150.jpg 200w, https:\/\/fondazione-stella-alpina.ch\/wp-content\/uploads\/2020\/06\/IMG_9318-1024x768-1-300x225.jpg 300w, https:\/\/fondazione-stella-alpina.ch\/wp-content\/uploads\/2020\/06\/IMG_9318-1024x768-1-400x300.jpg 400w, https:\/\/fondazione-stella-alpina.ch\/wp-content\/uploads\/2020\/06\/IMG_9318-1024x768-1-600x450.jpg 600w, https:\/\/fondazione-stella-alpina.ch\/wp-content\/uploads\/2020\/06\/IMG_9318-1024x768-1-768x576.jpg 768w, https:\/\/fondazione-stella-alpina.ch\/wp-content\/uploads\/2020\/06\/IMG_9318-1024x768-1-800x600.jpg 800w, https:\/\/fondazione-stella-alpina.ch\/wp-content\/uploads\/2020\/06\/IMG_9318-1024x768-1.jpg 1024w\" sizes=\"(max-width: 1024px) 100vw, 1024px\" \/><\/div><\/div><\/div><div class=\"swiper-slide\"><div class=\"fusion-carousel-item-wrapper\"><div class=\"fusion-image-wrapper hover-type-zoomin\"><img decoding=\"async\" width=\"1024\" height=\"768\" src=\"https:\/\/fondazione-stella-alpina.ch\/wp-content\/uploads\/2020\/06\/IMG_9306-1024x768-1.jpg\" class=\"attachment-full size-full\" alt=\"\" srcset=\"https:\/\/fondazione-stella-alpina.ch\/wp-content\/uploads\/2020\/06\/IMG_9306-1024x768-1-200x150.jpg 200w, https:\/\/fondazione-stella-alpina.ch\/wp-content\/uploads\/2020\/06\/IMG_9306-1024x768-1-300x225.jpg 300w, https:\/\/fondazione-stella-alpina.ch\/wp-content\/uploads\/2020\/06\/IMG_9306-1024x768-1-400x300.jpg 400w, https:\/\/fondazione-stella-alpina.ch\/wp-content\/uploads\/2020\/06\/IMG_9306-1024x768-1-600x450.jpg 600w, https:\/\/fondazione-stella-alpina.ch\/wp-content\/uploads\/2020\/06\/IMG_9306-1024x768-1-768x576.jpg 768w, https:\/\/fondazione-stella-alpina.ch\/wp-content\/uploads\/2020\/06\/IMG_9306-1024x768-1-800x600.jpg 800w, https:\/\/fondazione-stella-alpina.ch\/wp-content\/uploads\/2020\/06\/IMG_9306-1024x768-1.jpg 1024w\" sizes=\"(max-width: 1024px) 100vw, 1024px\" \/><\/div><\/div><\/div><\/div><div class=\"awb-swiper-button awb-swiper-button-prev\"><i class=\"awb-icon-angle-left\" aria-hidden=\"true\"><\/i><\/div><div class=\"awb-swiper-button awb-swiper-button-next\"><i class=\"awb-icon-angle-right\" aria-hidden=\"true\"><\/i><\/div><\/div><\/div><div class=\"fusion-clearfix\"><\/div><\/div><\/div><\/div><\/div><div class=\"fusion-fullwidth fullwidth-box fusion-builder-row-2 nonhundred-percent-fullwidth non-hundred-percent-height-scrolling\" style=\"--awb-border-radius-top-left:0px;--awb-border-radius-top-right:0px;--awb-border-radius-bottom-right:0px;--awb-border-radius-bottom-left:0px;--awb-flex-wrap:wrap;\" ><div class=\"fusion-builder-row fusion-row\"><div class=\"fusion-layout-column fusion_builder_column fusion-builder-column-2 fusion_builder_column_1_1 1_1 fusion-one-full fusion-column-first fusion-column-last\" style=\"--awb-bg-size:cover;\"><div class=\"fusion-column-wrapper fusion-column-has-shadow fusion-flex-column-wrapper-legacy\"><div class=\"fusion-text fusion-text-1\"><p>Das Haus &#8222;<strong>Stella Alpina<\/strong>&#8220; im oberen <strong>Valle di Blenio<\/strong> in Camperio (1243 m) wurde \u00a0k\u00fcrzlich strukturell renoviert und bietet Gruppen, Vereinen und Schulen eine weite wertvolle Landschaft zum Bewundern und Entdecken. Folgt man den \u00a0weitl\u00e4ufigen Wanderwegen, kann man versteckte und magische Orte entdecken. Wer die Umgebung gerne n\u00e4her kennenlernen m\u00f6chte, findet im Centro Uomonatura (Zentrum f\u00fcr Mensch &amp; Natur) in Acquacalda in der Zeit von April bis Oktober ein frisches Programm mit kulturellen und kreativen Aktivit\u00e4ten f\u00fcr einen respektvollen Umgang mit der alpinen Natur. Die nahegelegenen Skigebiete Campo Blenio und Nara sind ein idealer Ort f\u00fcr Ski-Liebhaber und solche, die es werden wollen. Dar\u00fcber hinaus hat sich das Zentrum f\u00fcr Nordic Ski in Campra (1500 m) zu einem der beliebtesten Spots f\u00fcr Langlauf in ganz Europa entwickelt. Hier wurden bereits internationale Wettbewerbe und Weltmeisterschaften ausgetragen.<\/p>\n<p>Das Haus ist f\u00fcr bis zu 46 Personen eingerichtet. Zudem verf\u00fcgt es \u00fcber einen gro\u00dfen Speisesaal, einen Freizeitraum und einen Unterrichtsraum sowie \u00fcber Serviceeinrichtungen, wie K\u00fcche, Duschen und einen Keller. Die Heizung ist elektrisch. Das Haus kann das ganze Jahr \u00fcber genutzt werden.<\/p>\n<\/div><div class=\"fusion-video fusion-youtube\" style=\"--awb-max-width:1249px;--awb-max-height:703px;\"><div class=\"video-shortcode\"><div class=\"fluid-width-video-wrapper\" style=\"padding-top:56.29%;\" ><iframe title=\"YouTube video player 1\" src=\"https:\/\/www.youtube.com\/embed\/tpOisgF0CMs?wmode=transparent&autoplay=0\" width=\"1249\" height=\"703\" allowfullscreen allow=\"autoplay; fullscreen\"><\/iframe><\/div><\/div><\/div><div class=\"fusion-clearfix\"><\/div><\/div><\/div><\/div><\/div><div class=\"fusion-fullwidth fullwidth-box fusion-builder-row-3 nonhundred-percent-fullwidth non-hundred-percent-height-scrolling\" style=\"--awb-border-radius-top-left:0px;--awb-border-radius-top-right:0px;--awb-border-radius-bottom-right:0px;--awb-border-radius-bottom-left:0px;--awb-flex-wrap:wrap;\" ><div class=\"fusion-builder-row fusion-row\"><div class=\"fusion-layout-column fusion_builder_column fusion-builder-column-3 fusion_builder_column_1_1 1_1 fusion-one-full fusion-column-first fusion-column-last fusion-animated\" style=\"--awb-bg-size:cover;\" data-animationType=\"fadeInDown\" data-animationDuration=\"0.3\" data-animationOffset=\"top-into-view\"><div class=\"fusion-column-wrapper fusion-column-has-shadow fusion-flex-column-wrapper-legacy\"><div class=\"awb-gallery-wrapper awb-gallery-wrapper-1 button-span-no\"><div style=\"margin:-5px;--awb-bordersize:0px;\" class=\"fusion-gallery fusion-gallery-container fusion-grid-4 fusion-columns-total-21 fusion-gallery-layout-grid fusion-gallery-1\"><div style=\"padding:5px;\" class=\"fusion-grid-column fusion-gallery-column fusion-gallery-column-4 hover-type-zoomin\"><div class=\"fusion-gallery-image\"><a href=\"https:\/\/fondazione-stella-alpina.ch\/wp-content\/uploads\/2020\/06\/IMG_9336-1024x768-1.jpg\" rel=\"noreferrer\" data-rel=\"iLightbox[gallery_image_1]\" class=\"fusion-lightbox\" target=\"_self\"><img decoding=\"async\" src=\"https:\/\/fondazione-stella-alpina.ch\/wp-content\/uploads\/2020\/06\/IMG_9336-1024x768-1.jpg\" width=\"1024\" height=\"768\" alt=\"\" title=\"CAMERA DA LETTO\" aria-label=\"CAMERA DA LETTO\" class=\"img-responsive wp-image-1680\" srcset=\"https:\/\/fondazione-stella-alpina.ch\/wp-content\/uploads\/2020\/06\/IMG_9336-1024x768-1-200x150.jpg 200w, https:\/\/fondazione-stella-alpina.ch\/wp-content\/uploads\/2020\/06\/IMG_9336-1024x768-1-400x300.jpg 400w, https:\/\/fondazione-stella-alpina.ch\/wp-content\/uploads\/2020\/06\/IMG_9336-1024x768-1-600x450.jpg 600w, https:\/\/fondazione-stella-alpina.ch\/wp-content\/uploads\/2020\/06\/IMG_9336-1024x768-1-800x600.jpg 800w, https:\/\/fondazione-stella-alpina.ch\/wp-content\/uploads\/2020\/06\/IMG_9336-1024x768-1.jpg 1024w\" sizes=\"(min-width: 2200px) 100vw, (min-width: 915px) 289px, (min-width: 824px) 385px, (min-width: 732px) 578px, (min-width: 640px) 732px, \" \/><\/a><\/div><\/div><div style=\"padding:5px;\" class=\"fusion-grid-column fusion-gallery-column fusion-gallery-column-4 hover-type-zoomin\"><div class=\"fusion-gallery-image\"><a href=\"https:\/\/fondazione-stella-alpina.ch\/wp-content\/uploads\/2020\/06\/IMG_9332-1-1024x768-1.jpg\" rel=\"noreferrer\" data-rel=\"iLightbox[gallery_image_1]\" class=\"fusion-lightbox\" target=\"_self\"><img decoding=\"async\" src=\"https:\/\/fondazione-stella-alpina.ch\/wp-content\/uploads\/2020\/06\/IMG_9332-1-1024x768-1.jpg\" width=\"1024\" height=\"768\" alt=\"\" title=\"CAMERA DA LETTO\" aria-label=\"CAMERA DA LETTO\" class=\"img-responsive wp-image-1696\" srcset=\"https:\/\/fondazione-stella-alpina.ch\/wp-content\/uploads\/2020\/06\/IMG_9332-1-1024x768-1-200x150.jpg 200w, https:\/\/fondazione-stella-alpina.ch\/wp-content\/uploads\/2020\/06\/IMG_9332-1-1024x768-1-400x300.jpg 400w, https:\/\/fondazione-stella-alpina.ch\/wp-content\/uploads\/2020\/06\/IMG_9332-1-1024x768-1-600x450.jpg 600w, https:\/\/fondazione-stella-alpina.ch\/wp-content\/uploads\/2020\/06\/IMG_9332-1-1024x768-1-800x600.jpg 800w, https:\/\/fondazione-stella-alpina.ch\/wp-content\/uploads\/2020\/06\/IMG_9332-1-1024x768-1.jpg 1024w\" sizes=\"(min-width: 2200px) 100vw, (min-width: 915px) 289px, (min-width: 824px) 385px, (min-width: 732px) 578px, (min-width: 640px) 732px, \" \/><\/a><\/div><\/div><div style=\"padding:5px;\" class=\"fusion-grid-column fusion-gallery-column fusion-gallery-column-4 hover-type-zoomin\"><div class=\"fusion-gallery-image\"><a href=\"https:\/\/fondazione-stella-alpina.ch\/wp-content\/uploads\/2020\/06\/IMG_9330-1024x768-1.jpg\" rel=\"noreferrer\" data-rel=\"iLightbox[gallery_image_1]\" class=\"fusion-lightbox\" target=\"_self\"><img decoding=\"async\" src=\"https:\/\/fondazione-stella-alpina.ch\/wp-content\/uploads\/2020\/06\/IMG_9330-1024x768-1.jpg\" width=\"1024\" height=\"768\" alt=\"\" title=\"CAMERA DA LETTO\" aria-label=\"CAMERA DA LETTO\" class=\"img-responsive wp-image-1695\" srcset=\"https:\/\/fondazione-stella-alpina.ch\/wp-content\/uploads\/2020\/06\/IMG_9330-1024x768-1-200x150.jpg 200w, https:\/\/fondazione-stella-alpina.ch\/wp-content\/uploads\/2020\/06\/IMG_9330-1024x768-1-400x300.jpg 400w, https:\/\/fondazione-stella-alpina.ch\/wp-content\/uploads\/2020\/06\/IMG_9330-1024x768-1-600x450.jpg 600w, https:\/\/fondazione-stella-alpina.ch\/wp-content\/uploads\/2020\/06\/IMG_9330-1024x768-1-800x600.jpg 800w, https:\/\/fondazione-stella-alpina.ch\/wp-content\/uploads\/2020\/06\/IMG_9330-1024x768-1.jpg 1024w\" sizes=\"(min-width: 2200px) 100vw, (min-width: 915px) 289px, (min-width: 824px) 385px, (min-width: 732px) 578px, (min-width: 640px) 732px, \" \/><\/a><\/div><\/div><div style=\"padding:5px;\" class=\"fusion-grid-column fusion-gallery-column fusion-gallery-column-4 hover-type-zoomin\"><div class=\"fusion-gallery-image\"><a href=\"https:\/\/fondazione-stella-alpina.ch\/wp-content\/uploads\/2020\/06\/IMG_3883-1024x768-1.jpg\" rel=\"noreferrer\" data-rel=\"iLightbox[gallery_image_1]\" class=\"fusion-lightbox\" target=\"_self\"><img decoding=\"async\" src=\"https:\/\/fondazione-stella-alpina.ch\/wp-content\/uploads\/2020\/06\/IMG_3883-1024x768-1.jpg\" width=\"1024\" height=\"768\" alt=\"\" title=\"CAMERA DA LETTO\" aria-label=\"CAMERA DA LETTO\" class=\"img-responsive wp-image-1686\" srcset=\"https:\/\/fondazione-stella-alpina.ch\/wp-content\/uploads\/2020\/06\/IMG_3883-1024x768-1-200x150.jpg 200w, https:\/\/fondazione-stella-alpina.ch\/wp-content\/uploads\/2020\/06\/IMG_3883-1024x768-1-400x300.jpg 400w, https:\/\/fondazione-stella-alpina.ch\/wp-content\/uploads\/2020\/06\/IMG_3883-1024x768-1-600x450.jpg 600w, https:\/\/fondazione-stella-alpina.ch\/wp-content\/uploads\/2020\/06\/IMG_3883-1024x768-1-800x600.jpg 800w, https:\/\/fondazione-stella-alpina.ch\/wp-content\/uploads\/2020\/06\/IMG_3883-1024x768-1.jpg 1024w\" sizes=\"(min-width: 2200px) 100vw, (min-width: 915px) 289px, (min-width: 824px) 385px, (min-width: 732px) 578px, (min-width: 640px) 732px, \" \/><\/a><\/div><\/div><div class=\"clearfix\"><\/div><div style=\"padding:5px;\" class=\"fusion-grid-column fusion-gallery-column fusion-gallery-column-4 hover-type-zoomin\"><div class=\"fusion-gallery-image\"><a href=\"https:\/\/fondazione-stella-alpina.ch\/wp-content\/uploads\/2020\/06\/IMG_9339-1024x768-1.jpg\" rel=\"noreferrer\" data-rel=\"iLightbox[gallery_image_1]\" class=\"fusion-lightbox\" target=\"_self\"><img decoding=\"async\" src=\"https:\/\/fondazione-stella-alpina.ch\/wp-content\/uploads\/2020\/06\/IMG_9339-1024x768-1.jpg\" width=\"1024\" height=\"768\" alt=\"\" title=\"CAMERA DA LETTO\" aria-label=\"CAMERA DA LETTO\" class=\"img-responsive wp-image-1681\" srcset=\"https:\/\/fondazione-stella-alpina.ch\/wp-content\/uploads\/2020\/06\/IMG_9339-1024x768-1-200x150.jpg 200w, https:\/\/fondazione-stella-alpina.ch\/wp-content\/uploads\/2020\/06\/IMG_9339-1024x768-1-400x300.jpg 400w, https:\/\/fondazione-stella-alpina.ch\/wp-content\/uploads\/2020\/06\/IMG_9339-1024x768-1-600x450.jpg 600w, https:\/\/fondazione-stella-alpina.ch\/wp-content\/uploads\/2020\/06\/IMG_9339-1024x768-1-800x600.jpg 800w, https:\/\/fondazione-stella-alpina.ch\/wp-content\/uploads\/2020\/06\/IMG_9339-1024x768-1.jpg 1024w\" sizes=\"(min-width: 2200px) 100vw, (min-width: 915px) 289px, (min-width: 824px) 385px, (min-width: 732px) 578px, (min-width: 640px) 732px, \" \/><\/a><\/div><\/div><div style=\"padding:5px;\" class=\"fusion-grid-column fusion-gallery-column fusion-gallery-column-4 hover-type-zoomin\"><div class=\"fusion-gallery-image\"><a href=\"https:\/\/fondazione-stella-alpina.ch\/wp-content\/uploads\/2020\/06\/IMG_3887-1024x768-1.jpg\" rel=\"noreferrer\" data-rel=\"iLightbox[gallery_image_1]\" class=\"fusion-lightbox\" target=\"_self\"><img decoding=\"async\" src=\"https:\/\/fondazione-stella-alpina.ch\/wp-content\/uploads\/2020\/06\/IMG_3887-1024x768-1.jpg\" width=\"1024\" height=\"768\" alt=\"\" title=\"CAMERA DA LETTO\" aria-label=\"CAMERA DA LETTO\" class=\"img-responsive wp-image-1687\" srcset=\"https:\/\/fondazione-stella-alpina.ch\/wp-content\/uploads\/2020\/06\/IMG_3887-1024x768-1-200x150.jpg 200w, https:\/\/fondazione-stella-alpina.ch\/wp-content\/uploads\/2020\/06\/IMG_3887-1024x768-1-400x300.jpg 400w, https:\/\/fondazione-stella-alpina.ch\/wp-content\/uploads\/2020\/06\/IMG_3887-1024x768-1-600x450.jpg 600w, https:\/\/fondazione-stella-alpina.ch\/wp-content\/uploads\/2020\/06\/IMG_3887-1024x768-1-800x600.jpg 800w, https:\/\/fondazione-stella-alpina.ch\/wp-content\/uploads\/2020\/06\/IMG_3887-1024x768-1.jpg 1024w\" sizes=\"(min-width: 2200px) 100vw, (min-width: 915px) 289px, (min-width: 824px) 385px, (min-width: 732px) 578px, (min-width: 640px) 732px, \" \/><\/a><\/div><\/div><div style=\"padding:5px;\" class=\"fusion-grid-column fusion-gallery-column fusion-gallery-column-4 hover-type-zoomin\"><div class=\"fusion-gallery-image\"><a href=\"https:\/\/fondazione-stella-alpina.ch\/wp-content\/uploads\/2020\/06\/08d41359-4418-4bc4-9dff-57304cc231d4-1024x768-1.jpg\" rel=\"noreferrer\" data-rel=\"iLightbox[gallery_image_1]\" class=\"fusion-lightbox\" target=\"_self\"><img decoding=\"async\" src=\"https:\/\/fondazione-stella-alpina.ch\/wp-content\/uploads\/2020\/06\/08d41359-4418-4bc4-9dff-57304cc231d4-1024x768-1.jpg\" width=\"1024\" height=\"768\" alt=\"\" title=\"MENSA\" aria-label=\"MENSA\" class=\"img-responsive wp-image-1683\" srcset=\"https:\/\/fondazione-stella-alpina.ch\/wp-content\/uploads\/2020\/06\/08d41359-4418-4bc4-9dff-57304cc231d4-1024x768-1-200x150.jpg 200w, https:\/\/fondazione-stella-alpina.ch\/wp-content\/uploads\/2020\/06\/08d41359-4418-4bc4-9dff-57304cc231d4-1024x768-1-400x300.jpg 400w, https:\/\/fondazione-stella-alpina.ch\/wp-content\/uploads\/2020\/06\/08d41359-4418-4bc4-9dff-57304cc231d4-1024x768-1-600x450.jpg 600w, https:\/\/fondazione-stella-alpina.ch\/wp-content\/uploads\/2020\/06\/08d41359-4418-4bc4-9dff-57304cc231d4-1024x768-1-800x600.jpg 800w, https:\/\/fondazione-stella-alpina.ch\/wp-content\/uploads\/2020\/06\/08d41359-4418-4bc4-9dff-57304cc231d4-1024x768-1.jpg 1024w\" sizes=\"(min-width: 2200px) 100vw, (min-width: 915px) 289px, (min-width: 824px) 385px, (min-width: 732px) 578px, (min-width: 640px) 732px, \" \/><\/a><\/div><\/div><div style=\"padding:5px;\" class=\"fusion-grid-column fusion-gallery-column fusion-gallery-column-4 hover-type-zoomin\"><div class=\"fusion-gallery-image\"><a href=\"https:\/\/fondazione-stella-alpina.ch\/wp-content\/uploads\/2020\/06\/20190528_094353-1024x768-1.jpg\" rel=\"noreferrer\" data-rel=\"iLightbox[gallery_image_1]\" class=\"fusion-lightbox\" target=\"_self\"><img decoding=\"async\" src=\"https:\/\/fondazione-stella-alpina.ch\/wp-content\/uploads\/2020\/06\/20190528_094353-1024x768-1.jpg\" width=\"1024\" height=\"768\" alt=\"\" title=\"MENSA\" aria-label=\"MENSA\" class=\"img-responsive wp-image-1685\" srcset=\"https:\/\/fondazione-stella-alpina.ch\/wp-content\/uploads\/2020\/06\/20190528_094353-1024x768-1-200x150.jpg 200w, https:\/\/fondazione-stella-alpina.ch\/wp-content\/uploads\/2020\/06\/20190528_094353-1024x768-1-400x300.jpg 400w, https:\/\/fondazione-stella-alpina.ch\/wp-content\/uploads\/2020\/06\/20190528_094353-1024x768-1-600x450.jpg 600w, https:\/\/fondazione-stella-alpina.ch\/wp-content\/uploads\/2020\/06\/20190528_094353-1024x768-1-800x600.jpg 800w, https:\/\/fondazione-stella-alpina.ch\/wp-content\/uploads\/2020\/06\/20190528_094353-1024x768-1.jpg 1024w\" sizes=\"(min-width: 2200px) 100vw, (min-width: 915px) 289px, (min-width: 824px) 385px, (min-width: 732px) 578px, (min-width: 640px) 732px, \" \/><\/a><\/div><\/div><div class=\"clearfix\"><\/div><div style=\"padding:5px;\" class=\"fusion-grid-column fusion-gallery-column fusion-gallery-column-4 hover-type-zoomin\"><div class=\"fusion-gallery-image\"><a href=\"https:\/\/fondazione-stella-alpina.ch\/wp-content\/uploads\/2020\/06\/20190528_094248-1024x768-1.jpg\" rel=\"noreferrer\" data-rel=\"iLightbox[gallery_image_1]\" class=\"fusion-lightbox\" target=\"_self\"><img decoding=\"async\" src=\"https:\/\/fondazione-stella-alpina.ch\/wp-content\/uploads\/2020\/06\/20190528_094248-1024x768-1.jpg\" width=\"1024\" height=\"768\" alt=\"\" title=\"MENSA\" aria-label=\"MENSA\" class=\"img-responsive wp-image-1684\" srcset=\"https:\/\/fondazione-stella-alpina.ch\/wp-content\/uploads\/2020\/06\/20190528_094248-1024x768-1-200x150.jpg 200w, https:\/\/fondazione-stella-alpina.ch\/wp-content\/uploads\/2020\/06\/20190528_094248-1024x768-1-400x300.jpg 400w, https:\/\/fondazione-stella-alpina.ch\/wp-content\/uploads\/2020\/06\/20190528_094248-1024x768-1-600x450.jpg 600w, https:\/\/fondazione-stella-alpina.ch\/wp-content\/uploads\/2020\/06\/20190528_094248-1024x768-1-800x600.jpg 800w, https:\/\/fondazione-stella-alpina.ch\/wp-content\/uploads\/2020\/06\/20190528_094248-1024x768-1.jpg 1024w\" sizes=\"(min-width: 2200px) 100vw, (min-width: 915px) 289px, (min-width: 824px) 385px, (min-width: 732px) 578px, (min-width: 640px) 732px, \" \/><\/a><\/div><\/div><div style=\"padding:5px;\" class=\"fusion-grid-column fusion-gallery-column fusion-gallery-column-4 hover-type-zoomin\"><div class=\"fusion-gallery-image\"><a href=\"https:\/\/fondazione-stella-alpina.ch\/wp-content\/uploads\/2020\/06\/IMG_9333-1024x768-1.jpg\" rel=\"noreferrer\" data-rel=\"iLightbox[gallery_image_1]\" class=\"fusion-lightbox\" target=\"_self\"><img decoding=\"async\" src=\"https:\/\/fondazione-stella-alpina.ch\/wp-content\/uploads\/2020\/06\/IMG_9333-1024x768-1.jpg\" width=\"1024\" height=\"768\" alt=\"\" title=\"SPAZIO COMUNE\" aria-label=\"SPAZIO COMUNE\" class=\"img-responsive wp-image-1682\" srcset=\"https:\/\/fondazione-stella-alpina.ch\/wp-content\/uploads\/2020\/06\/IMG_9333-1024x768-1-200x150.jpg 200w, https:\/\/fondazione-stella-alpina.ch\/wp-content\/uploads\/2020\/06\/IMG_9333-1024x768-1-400x300.jpg 400w, https:\/\/fondazione-stella-alpina.ch\/wp-content\/uploads\/2020\/06\/IMG_9333-1024x768-1-600x450.jpg 600w, https:\/\/fondazione-stella-alpina.ch\/wp-content\/uploads\/2020\/06\/IMG_9333-1024x768-1-800x600.jpg 800w, https:\/\/fondazione-stella-alpina.ch\/wp-content\/uploads\/2020\/06\/IMG_9333-1024x768-1.jpg 1024w\" sizes=\"(min-width: 2200px) 100vw, (min-width: 915px) 289px, (min-width: 824px) 385px, (min-width: 732px) 578px, (min-width: 640px) 732px, \" \/><\/a><\/div><\/div><div style=\"padding:5px;\" class=\"fusion-grid-column fusion-gallery-column fusion-gallery-column-4 hover-type-zoomin\"><div class=\"fusion-gallery-image\"><a href=\"https:\/\/fondazione-stella-alpina.ch\/wp-content\/uploads\/2020\/06\/IMG_9310-1024x768-1.jpg\" rel=\"noreferrer\" data-rel=\"iLightbox[gallery_image_1]\" class=\"fusion-lightbox\" target=\"_self\"><img decoding=\"async\" src=\"https:\/\/fondazione-stella-alpina.ch\/wp-content\/uploads\/2020\/06\/IMG_9310-1024x768-1.jpg\" width=\"1024\" height=\"768\" alt=\"\" title=\"LAVANDERIA\" aria-label=\"LAVANDERIA\" class=\"img-responsive wp-image-1691\" srcset=\"https:\/\/fondazione-stella-alpina.ch\/wp-content\/uploads\/2020\/06\/IMG_9310-1024x768-1-200x150.jpg 200w, https:\/\/fondazione-stella-alpina.ch\/wp-content\/uploads\/2020\/06\/IMG_9310-1024x768-1-400x300.jpg 400w, https:\/\/fondazione-stella-alpina.ch\/wp-content\/uploads\/2020\/06\/IMG_9310-1024x768-1-600x450.jpg 600w, https:\/\/fondazione-stella-alpina.ch\/wp-content\/uploads\/2020\/06\/IMG_9310-1024x768-1-800x600.jpg 800w, https:\/\/fondazione-stella-alpina.ch\/wp-content\/uploads\/2020\/06\/IMG_9310-1024x768-1.jpg 1024w\" sizes=\"(min-width: 2200px) 100vw, (min-width: 915px) 289px, (min-width: 824px) 385px, (min-width: 732px) 578px, (min-width: 640px) 732px, \" \/><\/a><\/div><\/div><div style=\"padding:5px;\" class=\"fusion-grid-column fusion-gallery-column fusion-gallery-column-4 hover-type-zoomin\"><div class=\"fusion-gallery-image\"><a href=\"https:\/\/fondazione-stella-alpina.ch\/wp-content\/uploads\/2020\/06\/IMG_9335-1024x768-1.jpg\" rel=\"noreferrer\" data-rel=\"iLightbox[gallery_image_1]\" class=\"fusion-lightbox\" target=\"_self\"><img decoding=\"async\" src=\"https:\/\/fondazione-stella-alpina.ch\/wp-content\/uploads\/2020\/06\/IMG_9335-1024x768-1.jpg\" width=\"1024\" height=\"768\" alt=\"\" title=\"BAGNO\" aria-label=\"BAGNO\" class=\"img-responsive wp-image-1697\" srcset=\"https:\/\/fondazione-stella-alpina.ch\/wp-content\/uploads\/2020\/06\/IMG_9335-1024x768-1-200x150.jpg 200w, https:\/\/fondazione-stella-alpina.ch\/wp-content\/uploads\/2020\/06\/IMG_9335-1024x768-1-400x300.jpg 400w, https:\/\/fondazione-stella-alpina.ch\/wp-content\/uploads\/2020\/06\/IMG_9335-1024x768-1-600x450.jpg 600w, https:\/\/fondazione-stella-alpina.ch\/wp-content\/uploads\/2020\/06\/IMG_9335-1024x768-1-800x600.jpg 800w, https:\/\/fondazione-stella-alpina.ch\/wp-content\/uploads\/2020\/06\/IMG_9335-1024x768-1.jpg 1024w\" sizes=\"(min-width: 2200px) 100vw, (min-width: 915px) 289px, (min-width: 824px) 385px, (min-width: 732px) 578px, (min-width: 640px) 732px, \" \/><\/a><\/div><\/div><div class=\"clearfix\"><\/div><div style=\"padding:5px;\" class=\"fusion-grid-column fusion-gallery-column fusion-gallery-column-4 hover-type-zoomin\"><div class=\"fusion-gallery-image\"><a href=\"https:\/\/fondazione-stella-alpina.ch\/wp-content\/uploads\/2020\/06\/IMG_9321-1024x768-1.jpg\" rel=\"noreferrer\" data-rel=\"iLightbox[gallery_image_1]\" class=\"fusion-lightbox\" target=\"_self\"><img decoding=\"async\" src=\"https:\/\/fondazione-stella-alpina.ch\/wp-content\/uploads\/2020\/06\/IMG_9321-1024x768-1.jpg\" width=\"1024\" height=\"768\" alt=\"\" title=\"CUCINA\" aria-label=\"CUCINA\" class=\"img-responsive wp-image-1694\" srcset=\"https:\/\/fondazione-stella-alpina.ch\/wp-content\/uploads\/2020\/06\/IMG_9321-1024x768-1-200x150.jpg 200w, https:\/\/fondazione-stella-alpina.ch\/wp-content\/uploads\/2020\/06\/IMG_9321-1024x768-1-400x300.jpg 400w, https:\/\/fondazione-stella-alpina.ch\/wp-content\/uploads\/2020\/06\/IMG_9321-1024x768-1-600x450.jpg 600w, https:\/\/fondazione-stella-alpina.ch\/wp-content\/uploads\/2020\/06\/IMG_9321-1024x768-1-800x600.jpg 800w, https:\/\/fondazione-stella-alpina.ch\/wp-content\/uploads\/2020\/06\/IMG_9321-1024x768-1.jpg 1024w\" sizes=\"(min-width: 2200px) 100vw, (min-width: 915px) 289px, (min-width: 824px) 385px, (min-width: 732px) 578px, (min-width: 640px) 732px, \" \/><\/a><\/div><\/div><div style=\"padding:5px;\" class=\"fusion-grid-column fusion-gallery-column fusion-gallery-column-4 hover-type-zoomin\"><div class=\"fusion-gallery-image\"><a href=\"https:\/\/fondazione-stella-alpina.ch\/wp-content\/uploads\/2020\/06\/IMG_9318-1024x768-1.jpg\" rel=\"noreferrer\" data-rel=\"iLightbox[gallery_image_1]\" class=\"fusion-lightbox\" target=\"_self\"><img decoding=\"async\" src=\"https:\/\/fondazione-stella-alpina.ch\/wp-content\/uploads\/2020\/06\/IMG_9318-1024x768-1.jpg\" width=\"1024\" height=\"768\" alt=\"\" title=\"CUCINA\" aria-label=\"CUCINA\" class=\"img-responsive wp-image-1693\" srcset=\"https:\/\/fondazione-stella-alpina.ch\/wp-content\/uploads\/2020\/06\/IMG_9318-1024x768-1-200x150.jpg 200w, https:\/\/fondazione-stella-alpina.ch\/wp-content\/uploads\/2020\/06\/IMG_9318-1024x768-1-400x300.jpg 400w, https:\/\/fondazione-stella-alpina.ch\/wp-content\/uploads\/2020\/06\/IMG_9318-1024x768-1-600x450.jpg 600w, https:\/\/fondazione-stella-alpina.ch\/wp-content\/uploads\/2020\/06\/IMG_9318-1024x768-1-800x600.jpg 800w, https:\/\/fondazione-stella-alpina.ch\/wp-content\/uploads\/2020\/06\/IMG_9318-1024x768-1.jpg 1024w\" sizes=\"(min-width: 2200px) 100vw, (min-width: 915px) 289px, (min-width: 824px) 385px, (min-width: 732px) 578px, (min-width: 640px) 732px, \" \/><\/a><\/div><\/div><div style=\"padding:5px;\" class=\"fusion-grid-column fusion-gallery-column fusion-gallery-column-4 hover-type-zoomin\"><div class=\"fusion-gallery-image\"><a href=\"https:\/\/fondazione-stella-alpina.ch\/wp-content\/uploads\/2020\/06\/IMG_9315-1024x768-1.jpg\" rel=\"noreferrer\" data-rel=\"iLightbox[gallery_image_1]\" class=\"fusion-lightbox\" target=\"_self\"><img decoding=\"async\" src=\"https:\/\/fondazione-stella-alpina.ch\/wp-content\/uploads\/2020\/06\/IMG_9315-1024x768-1.jpg\" width=\"1024\" height=\"768\" alt=\"\" title=\"CUCINA\" aria-label=\"CUCINA\" class=\"img-responsive wp-image-1692\" srcset=\"https:\/\/fondazione-stella-alpina.ch\/wp-content\/uploads\/2020\/06\/IMG_9315-1024x768-1-200x150.jpg 200w, https:\/\/fondazione-stella-alpina.ch\/wp-content\/uploads\/2020\/06\/IMG_9315-1024x768-1-400x300.jpg 400w, https:\/\/fondazione-stella-alpina.ch\/wp-content\/uploads\/2020\/06\/IMG_9315-1024x768-1-600x450.jpg 600w, https:\/\/fondazione-stella-alpina.ch\/wp-content\/uploads\/2020\/06\/IMG_9315-1024x768-1-800x600.jpg 800w, https:\/\/fondazione-stella-alpina.ch\/wp-content\/uploads\/2020\/06\/IMG_9315-1024x768-1.jpg 1024w\" sizes=\"(min-width: 2200px) 100vw, (min-width: 915px) 289px, (min-width: 824px) 385px, (min-width: 732px) 578px, (min-width: 640px) 732px, \" \/><\/a><\/div><\/div><div style=\"padding:5px;\" class=\"fusion-grid-column fusion-gallery-column fusion-gallery-column-4 hover-type-zoomin\"><div class=\"fusion-gallery-image\"><a href=\"https:\/\/fondazione-stella-alpina.ch\/wp-content\/uploads\/2020\/06\/IMG_9308-1024x768-1.jpg\" rel=\"noreferrer\" data-rel=\"iLightbox[gallery_image_1]\" class=\"fusion-lightbox\" target=\"_self\"><img decoding=\"async\" src=\"https:\/\/fondazione-stella-alpina.ch\/wp-content\/uploads\/2020\/06\/IMG_9308-1024x768-1.jpg\" width=\"1024\" height=\"768\" alt=\"\" title=\"BAGNO\" aria-label=\"BAGNO\" class=\"img-responsive wp-image-1690\" srcset=\"https:\/\/fondazione-stella-alpina.ch\/wp-content\/uploads\/2020\/06\/IMG_9308-1024x768-1-200x150.jpg 200w, https:\/\/fondazione-stella-alpina.ch\/wp-content\/uploads\/2020\/06\/IMG_9308-1024x768-1-400x300.jpg 400w, https:\/\/fondazione-stella-alpina.ch\/wp-content\/uploads\/2020\/06\/IMG_9308-1024x768-1-600x450.jpg 600w, https:\/\/fondazione-stella-alpina.ch\/wp-content\/uploads\/2020\/06\/IMG_9308-1024x768-1-800x600.jpg 800w, https:\/\/fondazione-stella-alpina.ch\/wp-content\/uploads\/2020\/06\/IMG_9308-1024x768-1.jpg 1024w\" sizes=\"(min-width: 2200px) 100vw, (min-width: 915px) 289px, (min-width: 824px) 385px, (min-width: 732px) 578px, (min-width: 640px) 732px, \" \/><\/a><\/div><\/div><div class=\"clearfix\"><\/div><div style=\"padding:5px;\" class=\"fusion-grid-column fusion-gallery-column fusion-gallery-column-4 hover-type-zoomin\"><div class=\"fusion-gallery-image\"><a href=\"https:\/\/fondazione-stella-alpina.ch\/wp-content\/uploads\/2020\/06\/IMG_9306-1024x768-1.jpg\" rel=\"noreferrer\" data-rel=\"iLightbox[gallery_image_1]\" class=\"fusion-lightbox\" target=\"_self\"><img decoding=\"async\" src=\"https:\/\/fondazione-stella-alpina.ch\/wp-content\/uploads\/2020\/06\/IMG_9306-1024x768-1.jpg\" width=\"1024\" height=\"768\" alt=\"\" title=\"BAGNO\" aria-label=\"BAGNO\" class=\"img-responsive wp-image-1689\" srcset=\"https:\/\/fondazione-stella-alpina.ch\/wp-content\/uploads\/2020\/06\/IMG_9306-1024x768-1-200x150.jpg 200w, https:\/\/fondazione-stella-alpina.ch\/wp-content\/uploads\/2020\/06\/IMG_9306-1024x768-1-400x300.jpg 400w, https:\/\/fondazione-stella-alpina.ch\/wp-content\/uploads\/2020\/06\/IMG_9306-1024x768-1-600x450.jpg 600w, https:\/\/fondazione-stella-alpina.ch\/wp-content\/uploads\/2020\/06\/IMG_9306-1024x768-1-800x600.jpg 800w, https:\/\/fondazione-stella-alpina.ch\/wp-content\/uploads\/2020\/06\/IMG_9306-1024x768-1.jpg 1024w\" sizes=\"(min-width: 2200px) 100vw, (min-width: 915px) 289px, (min-width: 824px) 385px, (min-width: 732px) 578px, (min-width: 640px) 732px, \" \/><\/a><\/div><\/div><div style=\"padding:5px;\" class=\"fusion-grid-column fusion-gallery-column fusion-gallery-column-4 hover-type-zoomin\"><div class=\"fusion-gallery-image\"><a href=\"https:\/\/fondazione-stella-alpina.ch\/wp-content\/uploads\/2020\/06\/IMG_9299-1024x768-1.jpg\" rel=\"noreferrer\" data-rel=\"iLightbox[gallery_image_1]\" class=\"fusion-lightbox\" target=\"_self\"><img decoding=\"async\" src=\"https:\/\/fondazione-stella-alpina.ch\/wp-content\/uploads\/2020\/06\/IMG_9299-1024x768-1.jpg\" width=\"1024\" height=\"768\" alt=\"\" title=\"BAGNO\" aria-label=\"BAGNO\" class=\"img-responsive wp-image-1688\" srcset=\"https:\/\/fondazione-stella-alpina.ch\/wp-content\/uploads\/2020\/06\/IMG_9299-1024x768-1-200x150.jpg 200w, https:\/\/fondazione-stella-alpina.ch\/wp-content\/uploads\/2020\/06\/IMG_9299-1024x768-1-400x300.jpg 400w, https:\/\/fondazione-stella-alpina.ch\/wp-content\/uploads\/2020\/06\/IMG_9299-1024x768-1-600x450.jpg 600w, https:\/\/fondazione-stella-alpina.ch\/wp-content\/uploads\/2020\/06\/IMG_9299-1024x768-1-800x600.jpg 800w, https:\/\/fondazione-stella-alpina.ch\/wp-content\/uploads\/2020\/06\/IMG_9299-1024x768-1.jpg 1024w\" sizes=\"(min-width: 2200px) 100vw, (min-width: 915px) 289px, (min-width: 824px) 385px, (min-width: 732px) 578px, (min-width: 640px) 732px, \" \/><\/a><\/div><\/div><div style=\"padding:5px;\" class=\"fusion-grid-column fusion-gallery-column fusion-gallery-column-4 hover-type-zoomin\"><div class=\"fusion-gallery-image\"><a href=\"https:\/\/fondazione-stella-alpina.ch\/wp-content\/uploads\/2021\/06\/IMG_9135.jpeg\" rel=\"noreferrer\" data-rel=\"iLightbox[gallery_image_1]\" class=\"fusion-lightbox\" target=\"_self\"><img decoding=\"async\" src=\"https:\/\/fondazione-stella-alpina.ch\/wp-content\/uploads\/2021\/06\/IMG_9135.jpeg\" width=\"2048\" height=\"1536\" alt=\"\" title=\"IMG_9135\" aria-label=\"IMG_9135\" class=\"img-responsive wp-image-2446\" srcset=\"https:\/\/fondazione-stella-alpina.ch\/wp-content\/uploads\/2021\/06\/IMG_9135-200x150.jpeg 200w, https:\/\/fondazione-stella-alpina.ch\/wp-content\/uploads\/2021\/06\/IMG_9135-400x300.jpeg 400w, https:\/\/fondazione-stella-alpina.ch\/wp-content\/uploads\/2021\/06\/IMG_9135-600x450.jpeg 600w, https:\/\/fondazione-stella-alpina.ch\/wp-content\/uploads\/2021\/06\/IMG_9135-800x600.jpeg 800w, https:\/\/fondazione-stella-alpina.ch\/wp-content\/uploads\/2021\/06\/IMG_9135-1200x900.jpeg 1200w, https:\/\/fondazione-stella-alpina.ch\/wp-content\/uploads\/2021\/06\/IMG_9135.jpeg 2048w\" sizes=\"(min-width: 2200px) 100vw, (min-width: 915px) 289px, (min-width: 824px) 385px, (min-width: 732px) 578px, (min-width: 640px) 732px, \" \/><\/a><\/div><\/div><div style=\"padding:5px;\" class=\"fusion-grid-column fusion-gallery-column fusion-gallery-column-4 hover-type-zoomin\"><div class=\"fusion-gallery-image\"><a href=\"https:\/\/fondazione-stella-alpina.ch\/wp-content\/uploads\/2021\/06\/IMG_9134.jpeg\" rel=\"noreferrer\" data-rel=\"iLightbox[gallery_image_1]\" class=\"fusion-lightbox\" target=\"_self\"><img decoding=\"async\" src=\"https:\/\/fondazione-stella-alpina.ch\/wp-content\/uploads\/2021\/06\/IMG_9134.jpeg\" width=\"2048\" height=\"1536\" alt=\"\" title=\"IMG_9134\" aria-label=\"IMG_9134\" class=\"img-responsive wp-image-2442\" srcset=\"https:\/\/fondazione-stella-alpina.ch\/wp-content\/uploads\/2021\/06\/IMG_9134-200x150.jpeg 200w, https:\/\/fondazione-stella-alpina.ch\/wp-content\/uploads\/2021\/06\/IMG_9134-400x300.jpeg 400w, https:\/\/fondazione-stella-alpina.ch\/wp-content\/uploads\/2021\/06\/IMG_9134-600x450.jpeg 600w, https:\/\/fondazione-stella-alpina.ch\/wp-content\/uploads\/2021\/06\/IMG_9134-800x600.jpeg 800w, https:\/\/fondazione-stella-alpina.ch\/wp-content\/uploads\/2021\/06\/IMG_9134-1200x900.jpeg 1200w, https:\/\/fondazione-stella-alpina.ch\/wp-content\/uploads\/2021\/06\/IMG_9134.jpeg 2048w\" sizes=\"(min-width: 2200px) 100vw, (min-width: 915px) 289px, (min-width: 824px) 385px, (min-width: 732px) 578px, (min-width: 640px) 732px, \" \/><\/a><\/div><\/div><div class=\"clearfix\"><\/div><div style=\"padding:5px;\" class=\"fusion-grid-column fusion-gallery-column fusion-gallery-column-4 hover-type-zoomin\"><div class=\"fusion-gallery-image\"><a href=\"https:\/\/fondazione-stella-alpina.ch\/wp-content\/uploads\/2021\/06\/IMG_8960.jpeg\" rel=\"noreferrer\" data-rel=\"iLightbox[gallery_image_1]\" class=\"fusion-lightbox\" target=\"_self\"><img decoding=\"async\" src=\"https:\/\/fondazione-stella-alpina.ch\/wp-content\/uploads\/2021\/06\/IMG_8960.jpeg\" width=\"2048\" height=\"1536\" alt=\"\" title=\"IMG_8960\" aria-label=\"IMG_8960\" class=\"img-responsive wp-image-2484\" srcset=\"https:\/\/fondazione-stella-alpina.ch\/wp-content\/uploads\/2021\/06\/IMG_8960-200x150.jpeg 200w, https:\/\/fondazione-stella-alpina.ch\/wp-content\/uploads\/2021\/06\/IMG_8960-400x300.jpeg 400w, https:\/\/fondazione-stella-alpina.ch\/wp-content\/uploads\/2021\/06\/IMG_8960-600x450.jpeg 600w, https:\/\/fondazione-stella-alpina.ch\/wp-content\/uploads\/2021\/06\/IMG_8960-800x600.jpeg 800w, https:\/\/fondazione-stella-alpina.ch\/wp-content\/uploads\/2021\/06\/IMG_8960-1200x900.jpeg 1200w, https:\/\/fondazione-stella-alpina.ch\/wp-content\/uploads\/2021\/06\/IMG_8960.jpeg 2048w\" sizes=\"(min-width: 2200px) 100vw, (min-width: 915px) 289px, (min-width: 824px) 385px, (min-width: 732px) 578px, (min-width: 640px) 732px, \" \/><\/a><\/div><\/div><\/div><\/div><div class=\"fusion-text fusion-text-2\"><p><span style=\"color: #ffffff;\">.<\/span><\/p>\n<p>Die K\u00fcche ist f\u00fcr Veranstaltungen bis zu 60 Personen ausgestattet.<br \/>\nIn der K\u00fcche gibt es:<\/p>\n<p>ein Set von T\u00f6pfen und Pfannen<br \/>\neinen Mixer (P\u00fcrierstab)<br \/>\neine K\u00fcchenmaschine<br \/>\neine Schneidemaschine<br \/>\nKochfelder aus Glaskeramik, drei Back\u00f6fen (Grill \/ Umluft)<br \/>\nsowie einen kippbaren Br\u00e4ter<\/p>\n<p><em><strong>Wir w\u00fcnschen einen guten Appetit!<\/strong><\/em><\/p>\n<\/div><div class=\"awb-gallery-wrapper awb-gallery-wrapper-2 button-span-no\"><div style=\"margin:-5px;--awb-bordersize:0px;\" class=\"fusion-gallery fusion-gallery-container fusion-grid-4 fusion-columns-total-9 fusion-gallery-layout-grid fusion-gallery-2\"><div style=\"padding:5px;\" class=\"fusion-grid-column fusion-gallery-column fusion-gallery-column-4 hover-type-none\"><div class=\"fusion-gallery-image\"><a href=\"https:\/\/fondazione-stella-alpina.ch\/wp-content\/uploads\/2020\/07\/IMG_3168-scaled.jpeg\" rel=\"noreferrer\" data-rel=\"iLightbox[gallery_image_2]\" class=\"fusion-lightbox\" target=\"_self\"><img decoding=\"async\" src=\"https:\/\/fondazione-stella-alpina.ch\/wp-content\/uploads\/2020\/07\/IMG_3168-scaled.jpeg\" width=\"2129\" height=\"2560\" alt=\"\" title=\"IMG_3168\" aria-label=\"IMG_3168\" class=\"img-responsive wp-image-2212\" srcset=\"https:\/\/fondazione-stella-alpina.ch\/wp-content\/uploads\/2020\/07\/IMG_3168-200x240.jpeg 200w, https:\/\/fondazione-stella-alpina.ch\/wp-content\/uploads\/2020\/07\/IMG_3168-400x481.jpeg 400w, https:\/\/fondazione-stella-alpina.ch\/wp-content\/uploads\/2020\/07\/IMG_3168-600x721.jpeg 600w, https:\/\/fondazione-stella-alpina.ch\/wp-content\/uploads\/2020\/07\/IMG_3168-800x962.jpeg 800w, https:\/\/fondazione-stella-alpina.ch\/wp-content\/uploads\/2020\/07\/IMG_3168-1200x1443.jpeg 1200w, https:\/\/fondazione-stella-alpina.ch\/wp-content\/uploads\/2020\/07\/IMG_3168-scaled.jpeg 2129w\" sizes=\"(min-width: 2200px) 100vw, (min-width: 915px) 289px, (min-width: 824px) 385px, (min-width: 732px) 578px, (min-width: 640px) 732px, \" \/><\/a><\/div><\/div><div style=\"padding:5px;\" class=\"fusion-grid-column fusion-gallery-column fusion-gallery-column-4 hover-type-none\"><div class=\"fusion-gallery-image\"><a href=\"https:\/\/fondazione-stella-alpina.ch\/wp-content\/uploads\/2020\/07\/IMG_3169.jpeg\" rel=\"noreferrer\" data-rel=\"iLightbox[gallery_image_2]\" class=\"fusion-lightbox\" target=\"_self\"><img decoding=\"async\" src=\"https:\/\/fondazione-stella-alpina.ch\/wp-content\/uploads\/2020\/07\/IMG_3169.jpeg\" width=\"2048\" height=\"1536\" alt=\"\" title=\"IMG_3169\" aria-label=\"IMG_3169\" class=\"img-responsive wp-image-2214\" srcset=\"https:\/\/fondazione-stella-alpina.ch\/wp-content\/uploads\/2020\/07\/IMG_3169-200x150.jpeg 200w, https:\/\/fondazione-stella-alpina.ch\/wp-content\/uploads\/2020\/07\/IMG_3169-400x300.jpeg 400w, https:\/\/fondazione-stella-alpina.ch\/wp-content\/uploads\/2020\/07\/IMG_3169-600x450.jpeg 600w, https:\/\/fondazione-stella-alpina.ch\/wp-content\/uploads\/2020\/07\/IMG_3169-800x600.jpeg 800w, https:\/\/fondazione-stella-alpina.ch\/wp-content\/uploads\/2020\/07\/IMG_3169-1200x900.jpeg 1200w, https:\/\/fondazione-stella-alpina.ch\/wp-content\/uploads\/2020\/07\/IMG_3169.jpeg 2048w\" sizes=\"(min-width: 2200px) 100vw, (min-width: 915px) 289px, (min-width: 824px) 385px, (min-width: 732px) 578px, (min-width: 640px) 732px, \" \/><\/a><\/div><\/div><div style=\"padding:5px;\" class=\"fusion-grid-column fusion-gallery-column fusion-gallery-column-4 hover-type-none\"><div class=\"fusion-gallery-image\"><a href=\"https:\/\/fondazione-stella-alpina.ch\/wp-content\/uploads\/2020\/07\/IMG_3170-scaled.jpeg\" rel=\"noreferrer\" data-rel=\"iLightbox[gallery_image_2]\" class=\"fusion-lightbox\" target=\"_self\"><img decoding=\"async\" src=\"https:\/\/fondazione-stella-alpina.ch\/wp-content\/uploads\/2020\/07\/IMG_3170-scaled.jpeg\" width=\"2152\" height=\"2560\" alt=\"\" title=\"IMG_3170\" aria-label=\"IMG_3170\" class=\"img-responsive wp-image-2216\" srcset=\"https:\/\/fondazione-stella-alpina.ch\/wp-content\/uploads\/2020\/07\/IMG_3170-200x238.jpeg 200w, https:\/\/fondazione-stella-alpina.ch\/wp-content\/uploads\/2020\/07\/IMG_3170-400x476.jpeg 400w, https:\/\/fondazione-stella-alpina.ch\/wp-content\/uploads\/2020\/07\/IMG_3170-600x714.jpeg 600w, https:\/\/fondazione-stella-alpina.ch\/wp-content\/uploads\/2020\/07\/IMG_3170-800x951.jpeg 800w, https:\/\/fondazione-stella-alpina.ch\/wp-content\/uploads\/2020\/07\/IMG_3170-1200x1427.jpeg 1200w, https:\/\/fondazione-stella-alpina.ch\/wp-content\/uploads\/2020\/07\/IMG_3170-scaled.jpeg 2152w\" sizes=\"(min-width: 2200px) 100vw, (min-width: 915px) 289px, (min-width: 824px) 385px, (min-width: 732px) 578px, (min-width: 640px) 732px, \" \/><\/a><\/div><\/div><div class=\"clearfix\"><\/div><div style=\"padding:5px;\" class=\"fusion-grid-column fusion-gallery-column fusion-gallery-column-4 hover-type-none\"><div class=\"fusion-gallery-image\"><a href=\"https:\/\/fondazione-stella-alpina.ch\/wp-content\/uploads\/2020\/07\/IMG_3171-scaled.jpeg\" rel=\"noreferrer\" data-rel=\"iLightbox[gallery_image_2]\" class=\"fusion-lightbox\" target=\"_self\"><img decoding=\"async\" src=\"https:\/\/fondazione-stella-alpina.ch\/wp-content\/uploads\/2020\/07\/IMG_3171-scaled.jpeg\" width=\"2560\" height=\"2500\" alt=\"\" title=\"IMG_3171\" aria-label=\"IMG_3171\" class=\"img-responsive wp-image-2218\" srcset=\"https:\/\/fondazione-stella-alpina.ch\/wp-content\/uploads\/2020\/07\/IMG_3171-200x195.jpeg 200w, https:\/\/fondazione-stella-alpina.ch\/wp-content\/uploads\/2020\/07\/IMG_3171-400x391.jpeg 400w, https:\/\/fondazione-stella-alpina.ch\/wp-content\/uploads\/2020\/07\/IMG_3171-600x586.jpeg 600w, https:\/\/fondazione-stella-alpina.ch\/wp-content\/uploads\/2020\/07\/IMG_3171-800x781.jpeg 800w, https:\/\/fondazione-stella-alpina.ch\/wp-content\/uploads\/2020\/07\/IMG_3171-1200x1172.jpeg 1200w, https:\/\/fondazione-stella-alpina.ch\/wp-content\/uploads\/2020\/07\/IMG_3171-scaled.jpeg 2560w\" sizes=\"(min-width: 2200px) 100vw, (min-width: 915px) 289px, (min-width: 824px) 385px, (min-width: 732px) 578px, (min-width: 640px) 732px, \" \/><\/a><\/div><\/div><div style=\"padding:5px;\" class=\"fusion-grid-column fusion-gallery-column fusion-gallery-column-4 hover-type-none\"><div class=\"fusion-gallery-image\"><a href=\"https:\/\/fondazione-stella-alpina.ch\/wp-content\/uploads\/2020\/07\/IMG_3174-scaled.jpeg\" rel=\"noreferrer\" data-rel=\"iLightbox[gallery_image_2]\" class=\"fusion-lightbox\" target=\"_self\"><img decoding=\"async\" src=\"https:\/\/fondazione-stella-alpina.ch\/wp-content\/uploads\/2020\/07\/IMG_3174-scaled.jpeg\" width=\"2560\" height=\"1835\" alt=\"\" title=\"IMG_3174\" aria-label=\"IMG_3174\" class=\"img-responsive wp-image-2222\" srcset=\"https:\/\/fondazione-stella-alpina.ch\/wp-content\/uploads\/2020\/07\/IMG_3174-200x143.jpeg 200w, https:\/\/fondazione-stella-alpina.ch\/wp-content\/uploads\/2020\/07\/IMG_3174-400x287.jpeg 400w, https:\/\/fondazione-stella-alpina.ch\/wp-content\/uploads\/2020\/07\/IMG_3174-600x430.jpeg 600w, https:\/\/fondazione-stella-alpina.ch\/wp-content\/uploads\/2020\/07\/IMG_3174-800x574.jpeg 800w, https:\/\/fondazione-stella-alpina.ch\/wp-content\/uploads\/2020\/07\/IMG_3174-1200x860.jpeg 1200w, https:\/\/fondazione-stella-alpina.ch\/wp-content\/uploads\/2020\/07\/IMG_3174-scaled.jpeg 2560w\" sizes=\"(min-width: 2200px) 100vw, (min-width: 915px) 289px, (min-width: 824px) 385px, (min-width: 732px) 578px, (min-width: 640px) 732px, \" \/><\/a><\/div><\/div><div style=\"padding:5px;\" class=\"fusion-grid-column fusion-gallery-column fusion-gallery-column-4 hover-type-none\"><div class=\"fusion-gallery-image\"><a href=\"https:\/\/fondazione-stella-alpina.ch\/wp-content\/uploads\/2020\/07\/IMG_3173-scaled.jpeg\" rel=\"noreferrer\" data-rel=\"iLightbox[gallery_image_2]\" class=\"fusion-lightbox\" target=\"_self\"><img decoding=\"async\" src=\"https:\/\/fondazione-stella-alpina.ch\/wp-content\/uploads\/2020\/07\/IMG_3173-scaled.jpeg\" width=\"2560\" height=\"2264\" alt=\"\" title=\"IMG_3173\" aria-label=\"IMG_3173\" class=\"img-responsive wp-image-2220\" srcset=\"https:\/\/fondazione-stella-alpina.ch\/wp-content\/uploads\/2020\/07\/IMG_3173-200x177.jpeg 200w, https:\/\/fondazione-stella-alpina.ch\/wp-content\/uploads\/2020\/07\/IMG_3173-400x354.jpeg 400w, https:\/\/fondazione-stella-alpina.ch\/wp-content\/uploads\/2020\/07\/IMG_3173-600x531.jpeg 600w, https:\/\/fondazione-stella-alpina.ch\/wp-content\/uploads\/2020\/07\/IMG_3173-800x708.jpeg 800w, https:\/\/fondazione-stella-alpina.ch\/wp-content\/uploads\/2020\/07\/IMG_3173-1200x1061.jpeg 1200w, https:\/\/fondazione-stella-alpina.ch\/wp-content\/uploads\/2020\/07\/IMG_3173-scaled.jpeg 2560w\" sizes=\"(min-width: 2200px) 100vw, (min-width: 915px) 289px, (min-width: 824px) 385px, (min-width: 732px) 578px, (min-width: 640px) 732px, \" \/><\/a><\/div><\/div><div style=\"padding:5px;\" class=\"fusion-grid-column fusion-gallery-column fusion-gallery-column-4 hover-type-none\"><div class=\"fusion-gallery-image\"><a href=\"https:\/\/fondazione-stella-alpina.ch\/wp-content\/uploads\/2020\/07\/IMG_3165.jpeg\" rel=\"noreferrer\" data-rel=\"iLightbox[gallery_image_2]\" class=\"fusion-lightbox\" target=\"_self\"><img decoding=\"async\" src=\"https:\/\/fondazione-stella-alpina.ch\/wp-content\/uploads\/2020\/07\/IMG_3165.jpeg\" width=\"2048\" height=\"1536\" alt=\"\" title=\"IMG_3165\" aria-label=\"IMG_3165\" class=\"img-responsive wp-image-2226\" srcset=\"https:\/\/fondazione-stella-alpina.ch\/wp-content\/uploads\/2020\/07\/IMG_3165-200x150.jpeg 200w, https:\/\/fondazione-stella-alpina.ch\/wp-content\/uploads\/2020\/07\/IMG_3165-400x300.jpeg 400w, https:\/\/fondazione-stella-alpina.ch\/wp-content\/uploads\/2020\/07\/IMG_3165-600x450.jpeg 600w, https:\/\/fondazione-stella-alpina.ch\/wp-content\/uploads\/2020\/07\/IMG_3165-800x600.jpeg 800w, https:\/\/fondazione-stella-alpina.ch\/wp-content\/uploads\/2020\/07\/IMG_3165-1200x900.jpeg 1200w, https:\/\/fondazione-stella-alpina.ch\/wp-content\/uploads\/2020\/07\/IMG_3165.jpeg 2048w\" sizes=\"(min-width: 2200px) 100vw, (min-width: 915px) 289px, (min-width: 824px) 385px, (min-width: 732px) 578px, (min-width: 640px) 732px, \" \/><\/a><\/div><\/div><div class=\"clearfix\"><\/div><div style=\"padding:5px;\" class=\"fusion-grid-column fusion-gallery-column fusion-gallery-column-4 hover-type-none\"><div class=\"fusion-gallery-image\"><a href=\"https:\/\/fondazione-stella-alpina.ch\/wp-content\/uploads\/2020\/07\/IMG_3178-scaled.jpeg\" rel=\"noreferrer\" data-rel=\"iLightbox[gallery_image_2]\" class=\"fusion-lightbox\" target=\"_self\"><img decoding=\"async\" src=\"https:\/\/fondazione-stella-alpina.ch\/wp-content\/uploads\/2020\/07\/IMG_3178-scaled.jpeg\" width=\"2018\" height=\"2560\" alt=\"\" title=\"IMG_3178\" aria-label=\"IMG_3178\" class=\"img-responsive wp-image-2224\" srcset=\"https:\/\/fondazione-stella-alpina.ch\/wp-content\/uploads\/2020\/07\/IMG_3178-200x254.jpeg 200w, https:\/\/fondazione-stella-alpina.ch\/wp-content\/uploads\/2020\/07\/IMG_3178-400x507.jpeg 400w, https:\/\/fondazione-stella-alpina.ch\/wp-content\/uploads\/2020\/07\/IMG_3178-600x761.jpeg 600w, https:\/\/fondazione-stella-alpina.ch\/wp-content\/uploads\/2020\/07\/IMG_3178-800x1015.jpeg 800w, https:\/\/fondazione-stella-alpina.ch\/wp-content\/uploads\/2020\/07\/IMG_3178-1200x1522.jpeg 1200w, https:\/\/fondazione-stella-alpina.ch\/wp-content\/uploads\/2020\/07\/IMG_3178-scaled.jpeg 2018w\" sizes=\"(min-width: 2200px) 100vw, (min-width: 915px) 289px, (min-width: 824px) 385px, (min-width: 732px) 578px, (min-width: 640px) 732px, \" \/><\/a><\/div><\/div><div style=\"padding:5px;\" class=\"fusion-grid-column fusion-gallery-column fusion-gallery-column-4 hover-type-none\"><div class=\"fusion-gallery-image\"><a href=\"https:\/\/fondazione-stella-alpina.ch\/wp-content\/uploads\/2020\/07\/IMG_3166.jpeg\" rel=\"noreferrer\" data-rel=\"iLightbox[gallery_image_2]\" class=\"fusion-lightbox\" target=\"_self\"><img decoding=\"async\" src=\"https:\/\/fondazione-stella-alpina.ch\/wp-content\/uploads\/2020\/07\/IMG_3166.jpeg\" width=\"2048\" height=\"1536\" alt=\"\" title=\"IMG_3166\" aria-label=\"IMG_3166\" class=\"img-responsive wp-image-2228\" srcset=\"https:\/\/fondazione-stella-alpina.ch\/wp-content\/uploads\/2020\/07\/IMG_3166-200x150.jpeg 200w, https:\/\/fondazione-stella-alpina.ch\/wp-content\/uploads\/2020\/07\/IMG_3166-400x300.jpeg 400w, https:\/\/fondazione-stella-alpina.ch\/wp-content\/uploads\/2020\/07\/IMG_3166-600x450.jpeg 600w, https:\/\/fondazione-stella-alpina.ch\/wp-content\/uploads\/2020\/07\/IMG_3166-800x600.jpeg 800w, https:\/\/fondazione-stella-alpina.ch\/wp-content\/uploads\/2020\/07\/IMG_3166-1200x900.jpeg 1200w, https:\/\/fondazione-stella-alpina.ch\/wp-content\/uploads\/2020\/07\/IMG_3166.jpeg 2048w\" sizes=\"(min-width: 2200px) 100vw, (min-width: 915px) 289px, (min-width: 824px) 385px, (min-width: 732px) 578px, (min-width: 640px) 732px, \" \/><\/a><\/div><\/div><\/div><\/div><div class=\"fusion-clearfix\"><\/div><\/div><\/div><div class=\"fusion-layout-column fusion_builder_column fusion-builder-column-4 fusion_builder_column_1_1 1_1 fusion-one-full fusion-column-first fusion-column-last\" style=\"--awb-bg-size:cover;\"><div class=\"fusion-column-wrapper fusion-column-has-shadow fusion-flex-column-wrapper-legacy\"><div class=\"fusion-sep-clear\"><\/div><div class=\"fusion-separator fusion-no-medium-visibility\" style=\"margin-left: auto;margin-right: auto;margin-top:0px;margin-bottom:20px;width:100%;max-width:1000px;\"><div class=\"fusion-separator-border sep-single sep-solid\" style=\"--awb-height:20px;--awb-amount:20px;border-color:#046f79;border-top-width:3px;\"><\/div><\/div><div class=\"fusion-sep-clear\"><\/div><div class=\"fusion-clearfix\"><\/div><\/div><\/div><\/div><\/div><div class=\"fusion-fullwidth fullwidth-box fusion-builder-row-4 fusion-flex-container nonhundred-percent-fullwidth non-hundred-percent-height-scrolling\" style=\"--awb-border-radius-top-left:0px;--awb-border-radius-top-right:0px;--awb-border-radius-bottom-right:0px;--awb-border-radius-bottom-left:0px;--awb-flex-wrap:wrap;\" ><div class=\"fusion-builder-row fusion-row fusion-flex-align-items-flex-start fusion-flex-content-wrap\" style=\"max-width:1216.8px;margin-left: calc(-4% \/ 2 );margin-right: calc(-4% \/ 2 );\"><div class=\"fusion-layout-column fusion_builder_column fusion-builder-column-5 fusion_builder_column_1_3 1_3 fusion-flex-column\" style=\"--awb-bg-size:cover;--awb-width-large:33.333333333333%;--awb-margin-top-large:0px;--awb-spacing-right-large:5.76%;--awb-margin-bottom-large:20px;--awb-spacing-left-large:5.76%;--awb-width-medium:100%;--awb-order-medium:0;--awb-spacing-right-medium:1.92%;--awb-spacing-left-medium:1.92%;--awb-width-small:100%;--awb-order-small:0;--awb-spacing-right-small:1.92%;--awb-spacing-left-small:1.92%;\"><div class=\"fusion-column-wrapper fusion-column-has-shadow fusion-flex-justify-content-flex-start fusion-content-layout-column\"><div class=\"fusion-text fusion-text-3\"><p>CAMPERIO<\/p>\n<\/div><div class=\"fusion-text fusion-text-4\"><h1>Haus<\/h1>\n<h1>&#8222;Stella Alpina&#8220;<\/h1>\n<h1>Freizeitbereich<\/h1>\n<h1>&amp; Fortbildung<\/h1>\n<\/div><\/div><\/div><div class=\"fusion-layout-column fusion_builder_column fusion-builder-column-6 fusion_builder_column_2_3 2_3 fusion-flex-column\" style=\"--awb-bg-size:cover;--awb-width-large:66.666666666667%;--awb-margin-top-large:0px;--awb-spacing-right-large:2.88%;--awb-margin-bottom-large:20px;--awb-spacing-left-large:2.88%;--awb-width-medium:100%;--awb-order-medium:0;--awb-spacing-right-medium:1.92%;--awb-spacing-left-medium:1.92%;--awb-width-small:100%;--awb-order-small:0;--awb-spacing-right-small:1.92%;--awb-spacing-left-small:1.92%;\"><div class=\"fusion-column-wrapper fusion-column-has-shadow fusion-flex-justify-content-flex-start fusion-content-layout-column\"><div class=\"fusion-image-carousel fusion-image-carousel-auto fusion-image-carousel-2 fusion-no-medium-visibility fusion-carousel-border\"><div class=\"awb-carousel awb-swiper awb-swiper-carousel\" data-autoplay=\"yes\" data-columns=\"1\" data-itemmargin=\"13\" data-itemwidth=\"180\" data-touchscroll=\"no\" data-imagesize=\"auto\" style=\"--awb-columns:1;\"><div class=\"swiper-wrapper awb-image-carousel-wrapper fusion-flex-align-items-center\"><div class=\"swiper-slide\"><div class=\"fusion-carousel-item-wrapper\"><div class=\"fusion-image-wrapper hover-type-zoomin\"><img decoding=\"async\" width=\"2048\" height=\"1536\" src=\"https:\/\/fondazione-stella-alpina.ch\/wp-content\/uploads\/2020\/07\/IMG_3154.jpeg\" class=\"attachment-full size-full\" alt=\"\" srcset=\"https:\/\/fondazione-stella-alpina.ch\/wp-content\/uploads\/2020\/07\/IMG_3154-200x150.jpeg 200w, https:\/\/fondazione-stella-alpina.ch\/wp-content\/uploads\/2020\/07\/IMG_3154-300x225.jpeg 300w, https:\/\/fondazione-stella-alpina.ch\/wp-content\/uploads\/2020\/07\/IMG_3154-400x300.jpeg 400w, https:\/\/fondazione-stella-alpina.ch\/wp-content\/uploads\/2020\/07\/IMG_3154-600x450.jpeg 600w, https:\/\/fondazione-stella-alpina.ch\/wp-content\/uploads\/2020\/07\/IMG_3154-768x576.jpeg 768w, https:\/\/fondazione-stella-alpina.ch\/wp-content\/uploads\/2020\/07\/IMG_3154-800x600.jpeg 800w, https:\/\/fondazione-stella-alpina.ch\/wp-content\/uploads\/2020\/07\/IMG_3154-1024x768.jpeg 1024w, https:\/\/fondazione-stella-alpina.ch\/wp-content\/uploads\/2020\/07\/IMG_3154-1200x900.jpeg 1200w, https:\/\/fondazione-stella-alpina.ch\/wp-content\/uploads\/2020\/07\/IMG_3154-1536x1152.jpeg 1536w, https:\/\/fondazione-stella-alpina.ch\/wp-content\/uploads\/2020\/07\/IMG_3154.jpeg 2048w\" sizes=\"(max-width: 2048px) 100vw, 2048px\" \/><\/div><\/div><\/div><div class=\"swiper-slide\"><div class=\"fusion-carousel-item-wrapper\"><div class=\"fusion-image-wrapper hover-type-zoomin\"><img decoding=\"async\" width=\"2048\" height=\"1536\" src=\"https:\/\/fondazione-stella-alpina.ch\/wp-content\/uploads\/2020\/07\/IMG_3156.jpeg\" class=\"attachment-full size-full\" alt=\"\" srcset=\"https:\/\/fondazione-stella-alpina.ch\/wp-content\/uploads\/2020\/07\/IMG_3156-200x150.jpeg 200w, https:\/\/fondazione-stella-alpina.ch\/wp-content\/uploads\/2020\/07\/IMG_3156-300x225.jpeg 300w, https:\/\/fondazione-stella-alpina.ch\/wp-content\/uploads\/2020\/07\/IMG_3156-400x300.jpeg 400w, https:\/\/fondazione-stella-alpina.ch\/wp-content\/uploads\/2020\/07\/IMG_3156-600x450.jpeg 600w, https:\/\/fondazione-stella-alpina.ch\/wp-content\/uploads\/2020\/07\/IMG_3156-768x576.jpeg 768w, https:\/\/fondazione-stella-alpina.ch\/wp-content\/uploads\/2020\/07\/IMG_3156-800x600.jpeg 800w, https:\/\/fondazione-stella-alpina.ch\/wp-content\/uploads\/2020\/07\/IMG_3156-1024x768.jpeg 1024w, https:\/\/fondazione-stella-alpina.ch\/wp-content\/uploads\/2020\/07\/IMG_3156-1200x900.jpeg 1200w, https:\/\/fondazione-stella-alpina.ch\/wp-content\/uploads\/2020\/07\/IMG_3156-1536x1152.jpeg 1536w, https:\/\/fondazione-stella-alpina.ch\/wp-content\/uploads\/2020\/07\/IMG_3156.jpeg 2048w\" sizes=\"(max-width: 2048px) 100vw, 2048px\" \/><\/div><\/div><\/div><div class=\"swiper-slide\"><div class=\"fusion-carousel-item-wrapper\"><div class=\"fusion-image-wrapper hover-type-zoomin\"><img decoding=\"async\" width=\"2048\" height=\"1536\" src=\"https:\/\/fondazione-stella-alpina.ch\/wp-content\/uploads\/2020\/07\/IMG_3158.jpeg\" class=\"attachment-full size-full\" alt=\"\" srcset=\"https:\/\/fondazione-stella-alpina.ch\/wp-content\/uploads\/2020\/07\/IMG_3158-200x150.jpeg 200w, https:\/\/fondazione-stella-alpina.ch\/wp-content\/uploads\/2020\/07\/IMG_3158-300x225.jpeg 300w, https:\/\/fondazione-stella-alpina.ch\/wp-content\/uploads\/2020\/07\/IMG_3158-400x300.jpeg 400w, https:\/\/fondazione-stella-alpina.ch\/wp-content\/uploads\/2020\/07\/IMG_3158-600x450.jpeg 600w, https:\/\/fondazione-stella-alpina.ch\/wp-content\/uploads\/2020\/07\/IMG_3158-768x576.jpeg 768w, https:\/\/fondazione-stella-alpina.ch\/wp-content\/uploads\/2020\/07\/IMG_3158-800x600.jpeg 800w, https:\/\/fondazione-stella-alpina.ch\/wp-content\/uploads\/2020\/07\/IMG_3158-1024x768.jpeg 1024w, https:\/\/fondazione-stella-alpina.ch\/wp-content\/uploads\/2020\/07\/IMG_3158-1200x900.jpeg 1200w, https:\/\/fondazione-stella-alpina.ch\/wp-content\/uploads\/2020\/07\/IMG_3158-1536x1152.jpeg 1536w, https:\/\/fondazione-stella-alpina.ch\/wp-content\/uploads\/2020\/07\/IMG_3158.jpeg 2048w\" sizes=\"(max-width: 2048px) 100vw, 2048px\" \/><\/div><\/div><\/div><div class=\"swiper-slide\"><div class=\"fusion-carousel-item-wrapper\"><div class=\"fusion-image-wrapper hover-type-zoomin\"><img decoding=\"async\" width=\"2048\" height=\"1536\" src=\"https:\/\/fondazione-stella-alpina.ch\/wp-content\/uploads\/2020\/07\/IMG_3152.jpeg\" class=\"attachment-full size-full\" alt=\"\" srcset=\"https:\/\/fondazione-stella-alpina.ch\/wp-content\/uploads\/2020\/07\/IMG_3152-200x150.jpeg 200w, https:\/\/fondazione-stella-alpina.ch\/wp-content\/uploads\/2020\/07\/IMG_3152-300x225.jpeg 300w, https:\/\/fondazione-stella-alpina.ch\/wp-content\/uploads\/2020\/07\/IMG_3152-400x300.jpeg 400w, https:\/\/fondazione-stella-alpina.ch\/wp-content\/uploads\/2020\/07\/IMG_3152-600x450.jpeg 600w, https:\/\/fondazione-stella-alpina.ch\/wp-content\/uploads\/2020\/07\/IMG_3152-768x576.jpeg 768w, https:\/\/fondazione-stella-alpina.ch\/wp-content\/uploads\/2020\/07\/IMG_3152-800x600.jpeg 800w, https:\/\/fondazione-stella-alpina.ch\/wp-content\/uploads\/2020\/07\/IMG_3152-1024x768.jpeg 1024w, https:\/\/fondazione-stella-alpina.ch\/wp-content\/uploads\/2020\/07\/IMG_3152-1200x900.jpeg 1200w, https:\/\/fondazione-stella-alpina.ch\/wp-content\/uploads\/2020\/07\/IMG_3152-1536x1152.jpeg 1536w, https:\/\/fondazione-stella-alpina.ch\/wp-content\/uploads\/2020\/07\/IMG_3152.jpeg 2048w\" sizes=\"(max-width: 2048px) 100vw, 2048px\" \/><\/div><\/div><\/div><div class=\"swiper-slide\"><div class=\"fusion-carousel-item-wrapper\"><div class=\"fusion-image-wrapper hover-type-zoomin\"><img decoding=\"async\" width=\"2048\" height=\"1536\" src=\"https:\/\/fondazione-stella-alpina.ch\/wp-content\/uploads\/2020\/07\/IMG_3149.jpeg\" class=\"attachment-full size-full\" alt=\"\" srcset=\"https:\/\/fondazione-stella-alpina.ch\/wp-content\/uploads\/2020\/07\/IMG_3149-200x150.jpeg 200w, https:\/\/fondazione-stella-alpina.ch\/wp-content\/uploads\/2020\/07\/IMG_3149-300x225.jpeg 300w, https:\/\/fondazione-stella-alpina.ch\/wp-content\/uploads\/2020\/07\/IMG_3149-400x300.jpeg 400w, https:\/\/fondazione-stella-alpina.ch\/wp-content\/uploads\/2020\/07\/IMG_3149-600x450.jpeg 600w, https:\/\/fondazione-stella-alpina.ch\/wp-content\/uploads\/2020\/07\/IMG_3149-768x576.jpeg 768w, https:\/\/fondazione-stella-alpina.ch\/wp-content\/uploads\/2020\/07\/IMG_3149-800x600.jpeg 800w, https:\/\/fondazione-stella-alpina.ch\/wp-content\/uploads\/2020\/07\/IMG_3149-1024x768.jpeg 1024w, https:\/\/fondazione-stella-alpina.ch\/wp-content\/uploads\/2020\/07\/IMG_3149-1200x900.jpeg 1200w, https:\/\/fondazione-stella-alpina.ch\/wp-content\/uploads\/2020\/07\/IMG_3149-1536x1152.jpeg 1536w, https:\/\/fondazione-stella-alpina.ch\/wp-content\/uploads\/2020\/07\/IMG_3149.jpeg 2048w\" sizes=\"(max-width: 2048px) 100vw, 2048px\" \/><\/div><\/div><\/div><div class=\"swiper-slide\"><div class=\"fusion-carousel-item-wrapper\"><div class=\"fusion-image-wrapper hover-type-zoomin\"><img decoding=\"async\" width=\"2048\" height=\"1536\" src=\"https:\/\/fondazione-stella-alpina.ch\/wp-content\/uploads\/2020\/07\/IMG_3146.jpeg\" class=\"attachment-full size-full\" alt=\"\" srcset=\"https:\/\/fondazione-stella-alpina.ch\/wp-content\/uploads\/2020\/07\/IMG_3146-200x150.jpeg 200w, https:\/\/fondazione-stella-alpina.ch\/wp-content\/uploads\/2020\/07\/IMG_3146-300x225.jpeg 300w, https:\/\/fondazione-stella-alpina.ch\/wp-content\/uploads\/2020\/07\/IMG_3146-400x300.jpeg 400w, https:\/\/fondazione-stella-alpina.ch\/wp-content\/uploads\/2020\/07\/IMG_3146-600x450.jpeg 600w, https:\/\/fondazione-stella-alpina.ch\/wp-content\/uploads\/2020\/07\/IMG_3146-768x576.jpeg 768w, https:\/\/fondazione-stella-alpina.ch\/wp-content\/uploads\/2020\/07\/IMG_3146-800x600.jpeg 800w, https:\/\/fondazione-stella-alpina.ch\/wp-content\/uploads\/2020\/07\/IMG_3146-1024x768.jpeg 1024w, https:\/\/fondazione-stella-alpina.ch\/wp-content\/uploads\/2020\/07\/IMG_3146-1200x900.jpeg 1200w, https:\/\/fondazione-stella-alpina.ch\/wp-content\/uploads\/2020\/07\/IMG_3146-1536x1152.jpeg 1536w, https:\/\/fondazione-stella-alpina.ch\/wp-content\/uploads\/2020\/07\/IMG_3146.jpeg 2048w\" sizes=\"(max-width: 2048px) 100vw, 2048px\" \/><\/div><\/div><\/div><div class=\"swiper-slide\"><div class=\"fusion-carousel-item-wrapper\"><div class=\"fusion-image-wrapper hover-type-zoomin\"><img decoding=\"async\" width=\"2048\" height=\"1536\" src=\"https:\/\/fondazione-stella-alpina.ch\/wp-content\/uploads\/2020\/07\/IMG_3145.jpeg\" class=\"attachment-full size-full\" alt=\"\" srcset=\"https:\/\/fondazione-stella-alpina.ch\/wp-content\/uploads\/2020\/07\/IMG_3145-200x150.jpeg 200w, https:\/\/fondazione-stella-alpina.ch\/wp-content\/uploads\/2020\/07\/IMG_3145-300x225.jpeg 300w, https:\/\/fondazione-stella-alpina.ch\/wp-content\/uploads\/2020\/07\/IMG_3145-400x300.jpeg 400w, https:\/\/fondazione-stella-alpina.ch\/wp-content\/uploads\/2020\/07\/IMG_3145-600x450.jpeg 600w, https:\/\/fondazione-stella-alpina.ch\/wp-content\/uploads\/2020\/07\/IMG_3145-768x576.jpeg 768w, https:\/\/fondazione-stella-alpina.ch\/wp-content\/uploads\/2020\/07\/IMG_3145-800x600.jpeg 800w, https:\/\/fondazione-stella-alpina.ch\/wp-content\/uploads\/2020\/07\/IMG_3145-1024x768.jpeg 1024w, https:\/\/fondazione-stella-alpina.ch\/wp-content\/uploads\/2020\/07\/IMG_3145-1200x900.jpeg 1200w, https:\/\/fondazione-stella-alpina.ch\/wp-content\/uploads\/2020\/07\/IMG_3145-1536x1152.jpeg 1536w, https:\/\/fondazione-stella-alpina.ch\/wp-content\/uploads\/2020\/07\/IMG_3145.jpeg 2048w\" sizes=\"(max-width: 2048px) 100vw, 2048px\" \/><\/div><\/div><\/div><div class=\"swiper-slide\"><div class=\"fusion-carousel-item-wrapper\"><div class=\"fusion-image-wrapper hover-type-zoomin\"><img decoding=\"async\" width=\"2048\" height=\"1536\" src=\"https:\/\/fondazione-stella-alpina.ch\/wp-content\/uploads\/2020\/07\/IMG_3078.jpeg\" class=\"attachment-full size-full\" alt=\"\" srcset=\"https:\/\/fondazione-stella-alpina.ch\/wp-content\/uploads\/2020\/07\/IMG_3078-200x150.jpeg 200w, https:\/\/fondazione-stella-alpina.ch\/wp-content\/uploads\/2020\/07\/IMG_3078-300x225.jpeg 300w, https:\/\/fondazione-stella-alpina.ch\/wp-content\/uploads\/2020\/07\/IMG_3078-400x300.jpeg 400w, https:\/\/fondazione-stella-alpina.ch\/wp-content\/uploads\/2020\/07\/IMG_3078-600x450.jpeg 600w, https:\/\/fondazione-stella-alpina.ch\/wp-content\/uploads\/2020\/07\/IMG_3078-768x576.jpeg 768w, https:\/\/fondazione-stella-alpina.ch\/wp-content\/uploads\/2020\/07\/IMG_3078-800x600.jpeg 800w, https:\/\/fondazione-stella-alpina.ch\/wp-content\/uploads\/2020\/07\/IMG_3078-1024x768.jpeg 1024w, https:\/\/fondazione-stella-alpina.ch\/wp-content\/uploads\/2020\/07\/IMG_3078-1200x900.jpeg 1200w, https:\/\/fondazione-stella-alpina.ch\/wp-content\/uploads\/2020\/07\/IMG_3078-1536x1152.jpeg 1536w, https:\/\/fondazione-stella-alpina.ch\/wp-content\/uploads\/2020\/07\/IMG_3078.jpeg 2048w\" sizes=\"(max-width: 2048px) 100vw, 2048px\" \/><\/div><\/div><\/div><\/div><div class=\"awb-swiper-button awb-swiper-button-prev\"><i class=\"awb-icon-angle-left\" aria-hidden=\"true\"><\/i><\/div><div class=\"awb-swiper-button awb-swiper-button-next\"><i class=\"awb-icon-angle-right\" aria-hidden=\"true\"><\/i><\/div><\/div><\/div><\/div><\/div><\/div><\/div><div class=\"fusion-fullwidth fullwidth-box fusion-builder-row-5 fusion-flex-container nonhundred-percent-fullwidth non-hundred-percent-height-scrolling\" style=\"--awb-border-radius-top-left:0px;--awb-border-radius-top-right:0px;--awb-border-radius-bottom-right:0px;--awb-border-radius-bottom-left:0px;--awb-flex-wrap:wrap;\" ><div class=\"fusion-builder-row fusion-row fusion-flex-align-items-flex-start fusion-flex-content-wrap\" style=\"max-width:1216.8px;margin-left: calc(-4% \/ 2 );margin-right: calc(-4% \/ 2 );\"><div class=\"fusion-layout-column fusion_builder_column fusion-builder-column-7 fusion_builder_column_1_1 1_1 fusion-flex-column\" style=\"--awb-bg-size:cover;--awb-width-large:100%;--awb-margin-top-large:0px;--awb-spacing-right-large:1.92%;--awb-margin-bottom-large:20px;--awb-spacing-left-large:1.92%;--awb-width-medium:100%;--awb-order-medium:0;--awb-spacing-right-medium:1.92%;--awb-spacing-left-medium:1.92%;--awb-width-small:100%;--awb-order-small:0;--awb-spacing-right-small:1.92%;--awb-spacing-left-small:1.92%;\"><div class=\"fusion-column-wrapper fusion-column-has-shadow fusion-flex-justify-content-flex-start fusion-content-layout-column\"><div class=\"fusion-text fusion-text-5\"><p>Der Freizeitbereich &#8222;Stella Alpina&#8220; besteht aus:<\/p>\n<p>&#8211; Spielplatz,<br \/>\n&#8211; \u00fcberdachter Raum (Hobbyraum) mit Tischfussball und Tischtennisplatte<br \/>\n&#8211; Mehrzweckraum, geeignet als &#8222;Atelier&#8220; f\u00fcr:<\/p>\n<p>&#8211; Handarbeit<br \/>\n&#8211; didaktisches Klassenzimmer (mit Beamer und TVC, beide mit PC-Anschluss)<br \/>\n&#8211; Videoprojektionen (Surround-System und mehr als 200 DVDs sind vorhanden)<br \/>\n&#8211; Partyraum<\/p>\n<\/div><div class=\"awb-gallery-wrapper awb-gallery-wrapper-3 button-span-no\"><div style=\"margin:-5px;--awb-bordersize:0px;\" class=\"fusion-gallery fusion-gallery-container fusion-grid-4 fusion-columns-total-9 fusion-gallery-layout-grid fusion-gallery-3\"><div style=\"padding:5px;\" class=\"fusion-grid-column fusion-gallery-column fusion-gallery-column-4 hover-type-none\"><div class=\"fusion-gallery-image\"><a href=\"https:\/\/fondazione-stella-alpina.ch\/wp-content\/uploads\/2020\/07\/IMG_3154.jpeg\" rel=\"noreferrer\" data-rel=\"iLightbox[gallery_image_3]\" class=\"fusion-lightbox\" target=\"_self\"><img decoding=\"async\" src=\"https:\/\/fondazione-stella-alpina.ch\/wp-content\/uploads\/2020\/07\/IMG_3154.jpeg\" width=\"2048\" height=\"1536\" alt=\"\" title=\"IMG_3154\" aria-label=\"IMG_3154\" class=\"img-responsive wp-image-2197\" srcset=\"https:\/\/fondazione-stella-alpina.ch\/wp-content\/uploads\/2020\/07\/IMG_3154-200x150.jpeg 200w, https:\/\/fondazione-stella-alpina.ch\/wp-content\/uploads\/2020\/07\/IMG_3154-400x300.jpeg 400w, https:\/\/fondazione-stella-alpina.ch\/wp-content\/uploads\/2020\/07\/IMG_3154-600x450.jpeg 600w, https:\/\/fondazione-stella-alpina.ch\/wp-content\/uploads\/2020\/07\/IMG_3154-800x600.jpeg 800w, https:\/\/fondazione-stella-alpina.ch\/wp-content\/uploads\/2020\/07\/IMG_3154-1200x900.jpeg 1200w, https:\/\/fondazione-stella-alpina.ch\/wp-content\/uploads\/2020\/07\/IMG_3154.jpeg 2048w\" sizes=\"(min-width: 2200px) 100vw, (min-width: 915px) 289px, (min-width: 824px) 385px, (min-width: 732px) 578px, (min-width: 640px) 732px, \" \/><\/a><\/div><\/div><div style=\"padding:5px;\" class=\"fusion-grid-column fusion-gallery-column fusion-gallery-column-4 hover-type-none\"><div class=\"fusion-gallery-image\"><a href=\"https:\/\/fondazione-stella-alpina.ch\/wp-content\/uploads\/2020\/07\/IMG_3156.jpeg\" rel=\"noreferrer\" data-rel=\"iLightbox[gallery_image_3]\" class=\"fusion-lightbox\" target=\"_self\"><img decoding=\"async\" src=\"https:\/\/fondazione-stella-alpina.ch\/wp-content\/uploads\/2020\/07\/IMG_3156.jpeg\" width=\"2048\" height=\"1536\" alt=\"\" title=\"IMG_3156\" aria-label=\"IMG_3156\" class=\"img-responsive wp-image-2199\" srcset=\"https:\/\/fondazione-stella-alpina.ch\/wp-content\/uploads\/2020\/07\/IMG_3156-200x150.jpeg 200w, https:\/\/fondazione-stella-alpina.ch\/wp-content\/uploads\/2020\/07\/IMG_3156-400x300.jpeg 400w, https:\/\/fondazione-stella-alpina.ch\/wp-content\/uploads\/2020\/07\/IMG_3156-600x450.jpeg 600w, https:\/\/fondazione-stella-alpina.ch\/wp-content\/uploads\/2020\/07\/IMG_3156-800x600.jpeg 800w, https:\/\/fondazione-stella-alpina.ch\/wp-content\/uploads\/2020\/07\/IMG_3156-1200x900.jpeg 1200w, https:\/\/fondazione-stella-alpina.ch\/wp-content\/uploads\/2020\/07\/IMG_3156.jpeg 2048w\" sizes=\"(min-width: 2200px) 100vw, (min-width: 915px) 289px, (min-width: 824px) 385px, (min-width: 732px) 578px, (min-width: 640px) 732px, \" \/><\/a><\/div><\/div><div class=\"clearfix\"><\/div><div style=\"padding:5px;\" class=\"fusion-grid-column fusion-gallery-column fusion-gallery-column-4 hover-type-none\"><div class=\"fusion-gallery-image\"><a href=\"https:\/\/fondazione-stella-alpina.ch\/wp-content\/uploads\/2020\/07\/IMG_3160.jpeg\" rel=\"noreferrer\" data-rel=\"iLightbox[gallery_image_3]\" class=\"fusion-lightbox\" target=\"_self\"><img decoding=\"async\" src=\"https:\/\/fondazione-stella-alpina.ch\/wp-content\/uploads\/2020\/07\/IMG_3160.jpeg\" width=\"2048\" height=\"1536\" alt=\"\" title=\"IMG_3160\" aria-label=\"IMG_3160\" class=\"img-responsive wp-image-2205\" srcset=\"https:\/\/fondazione-stella-alpina.ch\/wp-content\/uploads\/2020\/07\/IMG_3160-200x150.jpeg 200w, https:\/\/fondazione-stella-alpina.ch\/wp-content\/uploads\/2020\/07\/IMG_3160-400x300.jpeg 400w, https:\/\/fondazione-stella-alpina.ch\/wp-content\/uploads\/2020\/07\/IMG_3160-600x450.jpeg 600w, https:\/\/fondazione-stella-alpina.ch\/wp-content\/uploads\/2020\/07\/IMG_3160-800x600.jpeg 800w, https:\/\/fondazione-stella-alpina.ch\/wp-content\/uploads\/2020\/07\/IMG_3160-1200x900.jpeg 1200w, https:\/\/fondazione-stella-alpina.ch\/wp-content\/uploads\/2020\/07\/IMG_3160.jpeg 2048w\" sizes=\"(min-width: 2200px) 100vw, (min-width: 915px) 289px, (min-width: 824px) 385px, (min-width: 732px) 578px, (min-width: 640px) 732px, \" \/><\/a><\/div><\/div><div style=\"padding:5px;\" class=\"fusion-grid-column fusion-gallery-column fusion-gallery-column-4 hover-type-none\"><div class=\"fusion-gallery-image\"><a href=\"https:\/\/fondazione-stella-alpina.ch\/wp-content\/uploads\/2020\/07\/IMG_3158.jpeg\" rel=\"noreferrer\" data-rel=\"iLightbox[gallery_image_3]\" class=\"fusion-lightbox\" target=\"_self\"><img decoding=\"async\" src=\"https:\/\/fondazione-stella-alpina.ch\/wp-content\/uploads\/2020\/07\/IMG_3158.jpeg\" width=\"2048\" height=\"1536\" alt=\"\" title=\"IMG_3158\" aria-label=\"IMG_3158\" class=\"img-responsive wp-image-2201\" srcset=\"https:\/\/fondazione-stella-alpina.ch\/wp-content\/uploads\/2020\/07\/IMG_3158-200x150.jpeg 200w, https:\/\/fondazione-stella-alpina.ch\/wp-content\/uploads\/2020\/07\/IMG_3158-400x300.jpeg 400w, https:\/\/fondazione-stella-alpina.ch\/wp-content\/uploads\/2020\/07\/IMG_3158-600x450.jpeg 600w, https:\/\/fondazione-stella-alpina.ch\/wp-content\/uploads\/2020\/07\/IMG_3158-800x600.jpeg 800w, https:\/\/fondazione-stella-alpina.ch\/wp-content\/uploads\/2020\/07\/IMG_3158-1200x900.jpeg 1200w, https:\/\/fondazione-stella-alpina.ch\/wp-content\/uploads\/2020\/07\/IMG_3158.jpeg 2048w\" sizes=\"(min-width: 2200px) 100vw, (min-width: 915px) 289px, (min-width: 824px) 385px, (min-width: 732px) 578px, (min-width: 640px) 732px, \" \/><\/a><\/div><\/div><div style=\"padding:5px;\" class=\"fusion-grid-column fusion-gallery-column fusion-gallery-column-4 hover-type-none\"><div class=\"fusion-gallery-image\"><a href=\"https:\/\/fondazione-stella-alpina.ch\/wp-content\/uploads\/2020\/07\/IMG_3159.jpeg\" rel=\"noreferrer\" data-rel=\"iLightbox[gallery_image_3]\" class=\"fusion-lightbox\" target=\"_self\"><img decoding=\"async\" src=\"https:\/\/fondazione-stella-alpina.ch\/wp-content\/uploads\/2020\/07\/IMG_3159.jpeg\" width=\"2048\" height=\"1536\" alt=\"\" title=\"IMG_3159\" aria-label=\"IMG_3159\" class=\"img-responsive wp-image-2203\" srcset=\"https:\/\/fondazione-stella-alpina.ch\/wp-content\/uploads\/2020\/07\/IMG_3159-200x150.jpeg 200w, https:\/\/fondazione-stella-alpina.ch\/wp-content\/uploads\/2020\/07\/IMG_3159-400x300.jpeg 400w, https:\/\/fondazione-stella-alpina.ch\/wp-content\/uploads\/2020\/07\/IMG_3159-600x450.jpeg 600w, https:\/\/fondazione-stella-alpina.ch\/wp-content\/uploads\/2020\/07\/IMG_3159-800x600.jpeg 800w, https:\/\/fondazione-stella-alpina.ch\/wp-content\/uploads\/2020\/07\/IMG_3159-1200x900.jpeg 1200w, https:\/\/fondazione-stella-alpina.ch\/wp-content\/uploads\/2020\/07\/IMG_3159.jpeg 2048w\" sizes=\"(min-width: 2200px) 100vw, (min-width: 915px) 289px, (min-width: 824px) 385px, (min-width: 732px) 578px, (min-width: 640px) 732px, \" \/><\/a><\/div><\/div><div style=\"padding:5px;\" class=\"fusion-grid-column fusion-gallery-column fusion-gallery-column-4 hover-type-none\"><div class=\"fusion-gallery-image\"><a href=\"https:\/\/fondazione-stella-alpina.ch\/wp-content\/uploads\/2020\/07\/IMG_3152.jpeg\" rel=\"noreferrer\" data-rel=\"iLightbox[gallery_image_3]\" class=\"fusion-lightbox\" target=\"_self\"><img decoding=\"async\" src=\"https:\/\/fondazione-stella-alpina.ch\/wp-content\/uploads\/2020\/07\/IMG_3152.jpeg\" width=\"2048\" height=\"1536\" alt=\"\" title=\"IMG_3152\" aria-label=\"IMG_3152\" class=\"img-responsive wp-image-2195\" srcset=\"https:\/\/fondazione-stella-alpina.ch\/wp-content\/uploads\/2020\/07\/IMG_3152-200x150.jpeg 200w, https:\/\/fondazione-stella-alpina.ch\/wp-content\/uploads\/2020\/07\/IMG_3152-400x300.jpeg 400w, https:\/\/fondazione-stella-alpina.ch\/wp-content\/uploads\/2020\/07\/IMG_3152-600x450.jpeg 600w, https:\/\/fondazione-stella-alpina.ch\/wp-content\/uploads\/2020\/07\/IMG_3152-800x600.jpeg 800w, https:\/\/fondazione-stella-alpina.ch\/wp-content\/uploads\/2020\/07\/IMG_3152-1200x900.jpeg 1200w, https:\/\/fondazione-stella-alpina.ch\/wp-content\/uploads\/2020\/07\/IMG_3152.jpeg 2048w\" sizes=\"(min-width: 2200px) 100vw, (min-width: 915px) 289px, (min-width: 824px) 385px, (min-width: 732px) 578px, (min-width: 640px) 732px, \" \/><\/a><\/div><\/div><div class=\"clearfix\"><\/div><div style=\"padding:5px;\" class=\"fusion-grid-column fusion-gallery-column fusion-gallery-column-4 hover-type-none\"><div class=\"fusion-gallery-image\"><a href=\"https:\/\/fondazione-stella-alpina.ch\/wp-content\/uploads\/2020\/07\/IMG_3149.jpeg\" rel=\"noreferrer\" data-rel=\"iLightbox[gallery_image_3]\" class=\"fusion-lightbox\" target=\"_self\"><img decoding=\"async\" src=\"https:\/\/fondazione-stella-alpina.ch\/wp-content\/uploads\/2020\/07\/IMG_3149.jpeg\" width=\"2048\" height=\"1536\" alt=\"\" title=\"IMG_3149\" aria-label=\"IMG_3149\" class=\"img-responsive wp-image-2193\" srcset=\"https:\/\/fondazione-stella-alpina.ch\/wp-content\/uploads\/2020\/07\/IMG_3149-200x150.jpeg 200w, https:\/\/fondazione-stella-alpina.ch\/wp-content\/uploads\/2020\/07\/IMG_3149-400x300.jpeg 400w, https:\/\/fondazione-stella-alpina.ch\/wp-content\/uploads\/2020\/07\/IMG_3149-600x450.jpeg 600w, https:\/\/fondazione-stella-alpina.ch\/wp-content\/uploads\/2020\/07\/IMG_3149-800x600.jpeg 800w, https:\/\/fondazione-stella-alpina.ch\/wp-content\/uploads\/2020\/07\/IMG_3149-1200x900.jpeg 1200w, https:\/\/fondazione-stella-alpina.ch\/wp-content\/uploads\/2020\/07\/IMG_3149.jpeg 2048w\" sizes=\"(min-width: 2200px) 100vw, (min-width: 915px) 289px, (min-width: 824px) 385px, (min-width: 732px) 578px, (min-width: 640px) 732px, \" \/><\/a><\/div><\/div><div style=\"padding:5px;\" class=\"fusion-grid-column fusion-gallery-column fusion-gallery-column-4 hover-type-none\"><div class=\"fusion-gallery-image\"><a href=\"https:\/\/fondazione-stella-alpina.ch\/wp-content\/uploads\/2020\/07\/IMG_3145.jpeg\" rel=\"noreferrer\" data-rel=\"iLightbox[gallery_image_3]\" class=\"fusion-lightbox\" target=\"_self\"><img decoding=\"async\" src=\"https:\/\/fondazione-stella-alpina.ch\/wp-content\/uploads\/2020\/07\/IMG_3145.jpeg\" width=\"2048\" height=\"1536\" alt=\"\" title=\"IMG_3145\" aria-label=\"IMG_3145\" class=\"img-responsive wp-image-2187\" srcset=\"https:\/\/fondazione-stella-alpina.ch\/wp-content\/uploads\/2020\/07\/IMG_3145-200x150.jpeg 200w, https:\/\/fondazione-stella-alpina.ch\/wp-content\/uploads\/2020\/07\/IMG_3145-400x300.jpeg 400w, https:\/\/fondazione-stella-alpina.ch\/wp-content\/uploads\/2020\/07\/IMG_3145-600x450.jpeg 600w, https:\/\/fondazione-stella-alpina.ch\/wp-content\/uploads\/2020\/07\/IMG_3145-800x600.jpeg 800w, https:\/\/fondazione-stella-alpina.ch\/wp-content\/uploads\/2020\/07\/IMG_3145-1200x900.jpeg 1200w, https:\/\/fondazione-stella-alpina.ch\/wp-content\/uploads\/2020\/07\/IMG_3145.jpeg 2048w\" sizes=\"(min-width: 2200px) 100vw, (min-width: 915px) 289px, (min-width: 824px) 385px, (min-width: 732px) 578px, (min-width: 640px) 732px, \" \/><\/a><\/div><\/div><div style=\"padding:5px;\" class=\"fusion-grid-column fusion-gallery-column fusion-gallery-column-4 hover-type-none\"><div class=\"fusion-gallery-image\"><a href=\"https:\/\/fondazione-stella-alpina.ch\/wp-content\/uploads\/2020\/07\/IMG_3078.jpeg\" rel=\"noreferrer\" data-rel=\"iLightbox[gallery_image_3]\" class=\"fusion-lightbox\" target=\"_self\"><img decoding=\"async\" src=\"https:\/\/fondazione-stella-alpina.ch\/wp-content\/uploads\/2020\/07\/IMG_3078.jpeg\" width=\"2048\" height=\"1536\" alt=\"\" title=\"IMG_3078\" aria-label=\"IMG_3078\" class=\"img-responsive wp-image-2185\" srcset=\"https:\/\/fondazione-stella-alpina.ch\/wp-content\/uploads\/2020\/07\/IMG_3078-200x150.jpeg 200w, https:\/\/fondazione-stella-alpina.ch\/wp-content\/uploads\/2020\/07\/IMG_3078-400x300.jpeg 400w, https:\/\/fondazione-stella-alpina.ch\/wp-content\/uploads\/2020\/07\/IMG_3078-600x450.jpeg 600w, https:\/\/fondazione-stella-alpina.ch\/wp-content\/uploads\/2020\/07\/IMG_3078-800x600.jpeg 800w, https:\/\/fondazione-stella-alpina.ch\/wp-content\/uploads\/2020\/07\/IMG_3078-1200x900.jpeg 1200w, https:\/\/fondazione-stella-alpina.ch\/wp-content\/uploads\/2020\/07\/IMG_3078.jpeg 2048w\" sizes=\"(min-width: 2200px) 100vw, (min-width: 915px) 289px, (min-width: 824px) 385px, (min-width: 732px) 578px, (min-width: 640px) 732px, \" \/><\/a><\/div><\/div><\/div><\/div><\/div><\/div><\/div><\/div><div class=\"fusion-fullwidth fullwidth-box fusion-builder-row-6 nonhundred-percent-fullwidth non-hundred-percent-height-scrolling\" style=\"--awb-background-position:center top;--awb-border-sizes-top:0px;--awb-border-sizes-bottom:0px;--awb-border-sizes-left:0px;--awb-border-sizes-right:0px;--awb-border-radius-top-left:0px;--awb-border-radius-top-right:0px;--awb-border-radius-bottom-right:0px;--awb-border-radius-bottom-left:0px;--awb-padding-top:0px;--awb-padding-bottom:15px;--awb-background-color:#f4f8fa;--awb-flex-wrap:wrap;\" ><div class=\"fusion-builder-row fusion-row\"><div class=\"fusion-layout-column fusion_builder_column fusion-builder-column-8 fusion_builder_column_1_1 1_1 fusion-one-full fusion-column-first fusion-column-last fusion-column-no-min-height\" style=\"--awb-bg-blend:overlay;--awb-bg-size:cover;--awb-margin-bottom:0px;\"><div class=\"fusion-column-wrapper fusion-flex-column-wrapper-legacy\"><div class=\"fusion-image-element fusion-image-align-center in-legacy-container\" style=\"text-align:center;--awb-max-width:200px;--awb-caption-title-font-family:var(--h2_typography-font-family);--awb-caption-title-font-weight:var(--h2_typography-font-weight);--awb-caption-title-font-style:var(--h2_typography-font-style);--awb-caption-title-size:var(--h2_typography-font-size);--awb-caption-title-transform:var(--h2_typography-text-transform);--awb-caption-title-line-height:var(--h2_typography-line-height);--awb-caption-title-letter-spacing:var(--h2_typography-letter-spacing);\"><div class=\"imageframe-align-center\"><span class=\" fusion-imageframe imageframe-none imageframe-1 hover-type-none fusion-animated\" data-animationType=\"fadeInDown\" data-animationDuration=\"0.1\" data-animationOffset=\"top-into-view\"><img decoding=\"async\" width=\"200\" height=\"200\" title=\"cropped-eaf25da2-e444-4e89-b9cd-574ee85259ce-1.png\" src=\"https:\/\/fondazione-stella-alpina.ch\/wp-content\/uploads\/2026\/03\/cropped-eaf25da2-e444-4e89-b9cd-574ee85259ce-1-200x200.png\" alt class=\"img-responsive wp-image-4608\" srcset=\"https:\/\/fondazione-stella-alpina.ch\/wp-content\/uploads\/2026\/03\/cropped-eaf25da2-e444-4e89-b9cd-574ee85259ce-1-200x200.png 200w, https:\/\/fondazione-stella-alpina.ch\/wp-content\/uploads\/2026\/03\/cropped-eaf25da2-e444-4e89-b9cd-574ee85259ce-1-400x400.png 400w, https:\/\/fondazione-stella-alpina.ch\/wp-content\/uploads\/2026\/03\/cropped-eaf25da2-e444-4e89-b9cd-574ee85259ce-1.png 512w\" sizes=\"(max-width: 800px) 100vw, 200px\" \/><\/span><\/div><\/div><div class=\"fusion-sep-clear\"><\/div><div class=\"fusion-separator fusion-full-width-sep\" style=\"margin-left: auto;margin-right: auto;margin-top:25px;width:100%;\"><\/div><div class=\"fusion-sep-clear\"><\/div><div class=\"fusion-clearfix\"><\/div><\/div><\/div><div class=\"fusion-layout-column fusion_builder_column fusion-builder-column-9 fusion_builder_column_1_1 1_1 fusion-one-full fusion-column-first fusion-column-last fusion-column-no-min-height\" style=\"--awb-bg-blend:overlay;--awb-bg-size:cover;--awb-margin-bottom:0px;\"><div class=\"fusion-column-wrapper fusion-flex-column-wrapper-legacy\"><div class=\"fusion-title title fusion-title-3 fusion-title-center fusion-title-text fusion-title-size-two\" style=\"--awb-margin-bottom:0px;--awb-margin-bottom-small:0px;--awb-font-size:13px;\"><div class=\"title-sep-container title-sep-container-left\"><div class=\"title-sep sep- sep-solid\" style=\"border-color:#e0dede;\"><\/div><\/div><span class=\"awb-title-spacer\"><\/span><h2 class=\"fusion-title-heading title-heading-center fusion-responsive-typography-calculated\" style=\"font-family:&quot;Questrial&quot;;font-style:normal;font-weight:400;margin:0;font-size:1em;letter-spacing:4px;--fontSize:13;--minFontSize:13;line-height:1.69;\">HAUS STELLA ALPINA<\/h2><span class=\"awb-title-spacer\"><\/span><div class=\"title-sep-container title-sep-container-right\"><div class=\"title-sep sep- sep-solid\" style=\"border-color:#e0dede;\"><\/div><\/div><\/div><div class=\"fusion-title title fusion-title-4 fusion-title-center fusion-title-text fusion-title-size-three\" style=\"--awb-margin-bottom:15px;--awb-margin-bottom-small:15px;--awb-font-size:46px;\"><div class=\"title-sep-container title-sep-container-left\"><div class=\"title-sep sep- sep-solid\" style=\"border-color:#e0dede;\"><\/div><\/div><span class=\"awb-title-spacer\"><\/span><h3 class=\"fusion-title-heading title-heading-center fusion-responsive-typography-calculated\" style=\"margin:0;font-size:1em;--fontSize:46;line-height:1.67;\">Planimetrie<\/h3><span class=\"awb-title-spacer\"><\/span><div class=\"title-sep-container title-sep-container-right\"><div class=\"title-sep sep- sep-solid\" style=\"border-color:#e0dede;\"><\/div><\/div><\/div><div class=\"fusion-sep-clear\"><\/div><div class=\"fusion-separator\" style=\"margin-left: auto;margin-right: auto;margin-top:15px;margin-bottom:50px;width:100%;max-width:50px;\"><div class=\"fusion-separator-border sep-single sep-solid\" style=\"--awb-height:20px;--awb-amount:20px;border-color:#046f79;border-top-width:1px;\"><\/div><\/div><div class=\"fusion-sep-clear\"><\/div><div class=\"fusion-clearfix\"><\/div><\/div><\/div><div class=\"fusion-layout-column fusion_builder_column fusion-builder-column-10 fusion_builder_column_1_1 1_1 fusion-one-full fusion-column-first fusion-column-last\" style=\"--awb-bg-blend:overlay;--awb-bg-size:cover;\"><div class=\"fusion-column-wrapper fusion-flex-column-wrapper-legacy\"><div class=\"fusion-text fusion-text-6\"><p style=\"text-align: center;\"><a href=\"https:\/\/fondazione-stella-alpina.ch\/wp-content\/uploads\/2020\/07\/2020.08-Planimetria_II\u00b0-P_Doc-2-Misure.pdf\">2020.08\u00a0 &#8211; Zweiter Stock <\/a><\/p>\n<p style=\"text-align: center;\"><a href=\"https:\/\/fondazione-stella-alpina.ch\/wp-content\/uploads\/2020\/08\/2020.08-Planimetria_I\u00b0-P_Doc-2-Misure.pdf\">2020.08\u00a0 &#8211; Erster Stock <\/a><\/p>\n<p style=\"text-align: center;\"><a href=\"\/wp-content\/uploads\/2020\/06\/2020.05-SA-Piano-Terreno.pdf\">2020.05 SA \u2013 Erdgeschoss<\/a><\/p>\n<p style=\"text-align: center;\"><a href=\"\/wp-content\/uploads\/2020\/06\/2020.95-SA-Piano-Cantina.pdf\">2020.95 SA \u2013 Keller<\/a><\/p>\n<\/div><div class=\"fusion-clearfix\"><\/div><\/div><\/div><\/div><\/div><\/p>\n","protected":false},"excerpt":{"rendered":"","protected":false},"author":1,"featured_media":0,"parent":0,"menu_order":0,"comment_status":"open","ping_status":"closed","template":"100-width.php","meta":{"footnotes":""},"class_list":["post-2025","page","type-page","status-publish","hentry"],"yoast_head":"<!-- This site is optimized with the Yoast SEO plugin v23.6 - https:\/\/yoast.com\/wordpress\/plugins\/seo\/ -->\n<title>GRUPPENHAUS STELLA ALPINA - Fondazione Stella Alpina<\/title>\n<meta name=\"robots\" content=\"index, follow, max-snippet:-1, max-image-preview:large, max-video-preview:-1\" \/>\n<link rel=\"canonical\" href=\"https:\/\/fondazione-stella-alpina.ch\/de\/gruppenhaus-stella-alpina\/\" \/>\n<meta property=\"og:locale\" content=\"de_DE\" \/>\n<meta property=\"og:type\" content=\"article\" \/>\n<meta property=\"og:title\" content=\"GRUPPENHAUS STELLA ALPINA - Fondazione Stella Alpina\" \/>\n<meta property=\"og:url\" content=\"https:\/\/fondazione-stella-alpina.ch\/de\/gruppenhaus-stella-alpina\/\" \/>\n<meta property=\"og:site_name\" content=\"Fondazione Stella Alpina\" \/>\n<meta property=\"article:modified_time\" content=\"2026-03-26T10:12:28+00:00\" \/>\n<meta name=\"twitter:card\" content=\"summary_large_image\" \/>\n<meta name=\"twitter:label1\" content=\"Gesch\u00e4tzte Lesezeit\" \/>\n\t<meta name=\"twitter:data1\" content=\"14\u00a0Minuten\" \/>\n<script type=\"application\/ld+json\" class=\"yoast-schema-graph\">{\"@context\":\"https:\/\/schema.org\",\"@graph\":[{\"@type\":\"WebPage\",\"@id\":\"https:\/\/fondazione-stella-alpina.ch\/de\/gruppenhaus-stella-alpina\/\",\"url\":\"https:\/\/fondazione-stella-alpina.ch\/de\/gruppenhaus-stella-alpina\/\",\"name\":\"GRUPPENHAUS STELLA ALPINA - Fondazione Stella Alpina\",\"isPartOf\":{\"@id\":\"https:\/\/fondazione-stella-alpina.ch\/#website\"},\"datePublished\":\"2015-02-03T20:14:10+00:00\",\"dateModified\":\"2026-03-26T10:12:28+00:00\",\"breadcrumb\":{\"@id\":\"https:\/\/fondazione-stella-alpina.ch\/de\/gruppenhaus-stella-alpina\/#breadcrumb\"},\"inLanguage\":\"de\",\"potentialAction\":[{\"@type\":\"ReadAction\",\"target\":[\"https:\/\/fondazione-stella-alpina.ch\/de\/gruppenhaus-stella-alpina\/\"]}]},{\"@type\":\"BreadcrumbList\",\"@id\":\"https:\/\/fondazione-stella-alpina.ch\/de\/gruppenhaus-stella-alpina\/#breadcrumb\",\"itemListElement\":[{\"@type\":\"ListItem\",\"position\":1,\"name\":\"Home\",\"item\":\"https:\/\/fondazione-stella-alpina.ch\/de\/\"},{\"@type\":\"ListItem\",\"position\":2,\"name\":\"GRUPPENHAUS STELLA ALPINA\"}]},{\"@type\":\"WebSite\",\"@id\":\"https:\/\/fondazione-stella-alpina.ch\/#website\",\"url\":\"https:\/\/fondazione-stella-alpina.ch\/\",\"name\":\"Fondazione Stella Alpina\",\"description\":\"Prenota vacanza in val di Blenio Lucomagno\",\"publisher\":{\"@id\":\"https:\/\/fondazione-stella-alpina.ch\/#organization\"},\"potentialAction\":[{\"@type\":\"SearchAction\",\"target\":{\"@type\":\"EntryPoint\",\"urlTemplate\":\"https:\/\/fondazione-stella-alpina.ch\/?s={search_term_string}\"},\"query-input\":{\"@type\":\"PropertyValueSpecification\",\"valueRequired\":true,\"valueName\":\"search_term_string\"}}],\"inLanguage\":\"de\"},{\"@type\":\"Organization\",\"@id\":\"https:\/\/fondazione-stella-alpina.ch\/#organization\",\"name\":\"Fondazione Stella Alpina\",\"url\":\"https:\/\/fondazione-stella-alpina.ch\/\",\"logo\":{\"@type\":\"ImageObject\",\"inLanguage\":\"de\",\"@id\":\"https:\/\/fondazione-stella-alpina.ch\/#\/schema\/logo\/image\/\",\"url\":\"https:\/\/fondazione-stella-alpina.ch\/wp-content\/uploads\/2026\/01\/cropped-ChatGPT-Image-28-gen-2026-13_04_13.png\",\"contentUrl\":\"https:\/\/fondazione-stella-alpina.ch\/wp-content\/uploads\/2026\/01\/cropped-ChatGPT-Image-28-gen-2026-13_04_13.png\",\"width\":512,\"height\":512,\"caption\":\"Fondazione Stella Alpina\"},\"image\":{\"@id\":\"https:\/\/fondazione-stella-alpina.ch\/#\/schema\/logo\/image\/\"}}]}<\/script>\n<!-- \/ Yoast SEO plugin. -->","yoast_head_json":{"title":"GRUPPENHAUS STELLA ALPINA - Fondazione Stella Alpina","robots":{"index":"index","follow":"follow","max-snippet":"max-snippet:-1","max-image-preview":"max-image-preview:large","max-video-preview":"max-video-preview:-1"},"canonical":"https:\/\/fondazione-stella-alpina.ch\/de\/gruppenhaus-stella-alpina\/","og_locale":"de_DE","og_type":"article","og_title":"GRUPPENHAUS STELLA ALPINA - Fondazione Stella Alpina","og_url":"https:\/\/fondazione-stella-alpina.ch\/de\/gruppenhaus-stella-alpina\/","og_site_name":"Fondazione Stella Alpina","article_modified_time":"2026-03-26T10:12:28+00:00","twitter_card":"summary_large_image","twitter_misc":{"Gesch\u00e4tzte Lesezeit":"14\u00a0Minuten"},"schema":{"@context":"https:\/\/schema.org","@graph":[{"@type":"WebPage","@id":"https:\/\/fondazione-stella-alpina.ch\/de\/gruppenhaus-stella-alpina\/","url":"https:\/\/fondazione-stella-alpina.ch\/de\/gruppenhaus-stella-alpina\/","name":"GRUPPENHAUS STELLA ALPINA - Fondazione Stella Alpina","isPartOf":{"@id":"https:\/\/fondazione-stella-alpina.ch\/#website"},"datePublished":"2015-02-03T20:14:10+00:00","dateModified":"2026-03-26T10:12:28+00:00","breadcrumb":{"@id":"https:\/\/fondazione-stella-alpina.ch\/de\/gruppenhaus-stella-alpina\/#breadcrumb"},"inLanguage":"de","potentialAction":[{"@type":"ReadAction","target":["https:\/\/fondazione-stella-alpina.ch\/de\/gruppenhaus-stella-alpina\/"]}]},{"@type":"BreadcrumbList","@id":"https:\/\/fondazione-stella-alpina.ch\/de\/gruppenhaus-stella-alpina\/#breadcrumb","itemListElement":[{"@type":"ListItem","position":1,"name":"Home","item":"https:\/\/fondazione-stella-alpina.ch\/de\/"},{"@type":"ListItem","position":2,"name":"GRUPPENHAUS STELLA ALPINA"}]},{"@type":"WebSite","@id":"https:\/\/fondazione-stella-alpina.ch\/#website","url":"https:\/\/fondazione-stella-alpina.ch\/","name":"Fondazione Stella Alpina","description":"Prenota vacanza in val di Blenio Lucomagno","publisher":{"@id":"https:\/\/fondazione-stella-alpina.ch\/#organization"},"potentialAction":[{"@type":"SearchAction","target":{"@type":"EntryPoint","urlTemplate":"https:\/\/fondazione-stella-alpina.ch\/?s={search_term_string}"},"query-input":{"@type":"PropertyValueSpecification","valueRequired":true,"valueName":"search_term_string"}}],"inLanguage":"de"},{"@type":"Organization","@id":"https:\/\/fondazione-stella-alpina.ch\/#organization","name":"Fondazione Stella Alpina","url":"https:\/\/fondazione-stella-alpina.ch\/","logo":{"@type":"ImageObject","inLanguage":"de","@id":"https:\/\/fondazione-stella-alpina.ch\/#\/schema\/logo\/image\/","url":"https:\/\/fondazione-stella-alpina.ch\/wp-content\/uploads\/2026\/01\/cropped-ChatGPT-Image-28-gen-2026-13_04_13.png","contentUrl":"https:\/\/fondazione-stella-alpina.ch\/wp-content\/uploads\/2026\/01\/cropped-ChatGPT-Image-28-gen-2026-13_04_13.png","width":512,"height":512,"caption":"Fondazione Stella Alpina"},"image":{"@id":"https:\/\/fondazione-stella-alpina.ch\/#\/schema\/logo\/image\/"}}]}},"_links":{"self":[{"href":"https:\/\/fondazione-stella-alpina.ch\/de\/wp-json\/wp\/v2\/pages\/2025","targetHints":{"allow":["GET"]}}],"collection":[{"href":"https:\/\/fondazione-stella-alpina.ch\/de\/wp-json\/wp\/v2\/pages"}],"about":[{"href":"https:\/\/fondazione-stella-alpina.ch\/de\/wp-json\/wp\/v2\/types\/page"}],"author":[{"embeddable":true,"href":"https:\/\/fondazione-stella-alpina.ch\/de\/wp-json\/wp\/v2\/users\/1"}],"replies":[{"embeddable":true,"href":"https:\/\/fondazione-stella-alpina.ch\/de\/wp-json\/wp\/v2\/comments?post=2025"}],"version-history":[{"count":59,"href":"https:\/\/fondazione-stella-alpina.ch\/de\/wp-json\/wp\/v2\/pages\/2025\/revisions"}],"predecessor-version":[{"id":4687,"href":"https:\/\/fondazione-stella-alpina.ch\/de\/wp-json\/wp\/v2\/pages\/2025\/revisions\/4687"}],"wp:attachment":[{"href":"https:\/\/fondazione-stella-alpina.ch\/de\/wp-json\/wp\/v2\/media?parent=2025"}],"curies":[{"name":"wp","href":"https:\/\/api.w.org\/{rel}","templated":true}]}}